{"id":10000089,"date":"2025-08-29T15:56:09","date_gmt":"2025-08-29T13:56:09","guid":{"rendered":"https:\/\/tag-der-restaurierung.ch\/?post_type=tribe_events&#038;p=2914"},"modified":"2025-08-29T17:07:44","modified_gmt":"2025-08-29T15:07:44","slug":"material-technik-zwischen-tradition-innovation-sophie-taeuber-arp","status":"publish","type":"tribe_events","link":"https:\/\/tag-der-restaurierung.ch\/it\/event\/material-technik-zwischen-tradition-innovation-sophie-taeuber-arp\/2025-10-19\/1\/","title":{"rendered":"Material &#038; Technik zwischen Tradition &#038; Innovation: Sophie Taeuber-Arp"},"content":{"rendered":"<p>Ein Forschungsteam der Hochschule der K\u00fcnste Bern hat Werke der K\u00fcnstlerin unter die Lupe genommen und gibt Einblick in die Resultate. Mit Gesine Betz, Lucy Gmelch, Meret Haudenschild (Restauratorinnen).<\/p>\n<p>Die Platzzahl ist beschr\u00e4nkt, bitte erscheinen Sie daher fr\u00fchzeitig. Reservation nicht m\u00f6glich.<\/p>\n<p>Kosten: Sammlungseintritt. Teilnahme an der F\u00fchrung gratis.<\/p>\n","protected":false},"excerpt":{"rendered":"<p>Ein Forschungsteam der Hochschule der K\u00fcnste Bern hat Werke der K\u00fcnstlerin unter die Lupe genommen und gibt Einblick in die Resultate. Mit Gesine Betz, Lucy Gmelch, Meret Haudenschild (Restauratorinnen). Die [&hellip;]<\/p>\n","protected":false},"author":80,"featured_media":2917,"template":"","meta":{"_tribe_events_status":"","_tribe_events_status_reason":"","_tribe_events_is_hybrid":"","_tribe_events_is_virtual":"","_tribe_events_virtual_video_source":"","_tribe_events_virtual_embed_video":"","_tribe_events_virtual_linked_button_text":"","_tribe_events_virtual_linked_button":"","_tribe_events_virtual_show_embed_at":"","_tribe_events_virtual_show_embed_to":[],"_tribe_events_virtual_show_on_event":"","_tribe_events_virtual_show_on_views":"","_tribe_events_virtual_url":"","footnotes":""},"tags":[50,49,48],"tribe_events_cat":[],"class_list":["post-10000089","tribe_events","type-tribe_events","status-publish","has-post-thumbnail","hentry","tag-hochschule","tag-museum","tag-restaurator-in","tribe-recurring-event","tribe-recurring-event-parent"],"yoast_head":"<!-- This site is optimized with the Yoast SEO plugin v27.3 - https:\/\/yoast.com\/product\/yoast-seo-wordpress\/ -->\n<title>Material &amp; Technik zwischen Tradition &amp; Innovation: Sophie Taeuber-Arp - Europ\u00e4ischer Tag der Restaurierung \/ Journ\u00e9e europ\u00e9enne de la conservation-restauration \/ Giornata Europea del Restauro<\/title>\n<meta name=\"robots\" content=\"index, follow, max-snippet:-1, max-image-preview:large, max-video-preview:-1\" \/>\n<link rel=\"canonical\" href=\"https:\/\/tag-der-restaurierung.ch\/it\/event\/material-technik-zwischen-tradition-innovation-sophie-taeuber-arp\/2025-10-19\/1\/\" \/>\n<meta property=\"og:locale\" content=\"it_IT\" \/>\n<meta property=\"og:type\" content=\"article\" \/>\n<meta property=\"og:title\" content=\"Material &amp; Technik zwischen Tradition &amp; Innovation: Sophie Taeuber-Arp - Europ\u00e4ischer Tag der Restaurierung \/ Journ\u00e9e europ\u00e9enne de la conservation-restauration \/ Giornata Europea del Restauro\" \/>\n<meta property=\"og:description\" content=\"Ein Forschungsteam der Hochschule der K\u00fcnste Bern hat Werke der K\u00fcnstlerin unter die Lupe genommen und gibt Einblick in die Resultate. Mit Gesine Betz, Lucy Gmelch, Meret Haudenschild (Restauratorinnen). Die [&hellip;]\" \/>\n<meta property=\"og:url\" content=\"https:\/\/tag-der-restaurierung.ch\/it\/event\/material-technik-zwischen-tradition-innovation-sophie-taeuber-arp\/2025-10-19\/1\/\" \/>\n<meta property=\"og:site_name\" content=\"Europ\u00e4ischer Tag der Restaurierung \/ Journ\u00e9e europ\u00e9enne de la conservation-restauration \/ Giornata Europea del Restauro\" \/>\n<meta property=\"article:publisher\" content=\"https:\/\/www.facebook.com\/tag.der.restaurierung.ch\" \/>\n<meta property=\"article:modified_time\" content=\"2025-08-29T15:07:44+00:00\" \/>\n<meta property=\"og:image\" content=\"https:\/\/tag-der-restaurierung.ch\/wp-content\/uploads\/2025\/08\/Tag-der-Restaurierung-scaled.jpg\" \/>\n\t<meta property=\"og:image:width\" content=\"2560\" \/>\n\t<meta property=\"og:image:height\" content=\"1957\" \/>\n\t<meta property=\"og:image:type\" content=\"image\/jpeg\" \/>\n<meta name=\"twitter:card\" content=\"summary_large_image\" \/>\n<meta name=\"twitter:label1\" content=\"Tempo di lettura stimato\" \/>\n\t<meta name=\"twitter:data1\" content=\"1 minuto\" \/>\n<script type=\"application\/ld+json\" class=\"yoast-schema-graph\">{\"@context\":\"https:\\\/\\\/schema.org\",\"@graph\":[{\"@type\":\"WebPage\",\"@id\":\"https:\\\/\\\/tag-der-restaurierung.ch\\\/it\\\/event\\\/material-technik-zwischen-tradition-innovation-sophie-taeuber-arp\\\/2025-10-19\\\/1\\\/\",\"url\":\"https:\\\/\\\/tag-der-restaurierung.ch\\\/it\\\/event\\\/material-technik-zwischen-tradition-innovation-sophie-taeuber-arp\\\/2025-10-19\\\/1\\\/\",\"name\":\"Material & Technik zwischen Tradition & Innovation: Sophie Taeuber-Arp - Europ\u00e4ischer Tag der Restaurierung \\\/ Journ\u00e9e europ\u00e9enne de la conservation-restauration \\\/ Giornata Europea del Restauro\",\"isPartOf\":{\"@id\":\"https:\\\/\\\/tag-der-restaurierung.ch\\\/it\\\/#website\"},\"primaryImageOfPage\":{\"@id\":\"https:\\\/\\\/tag-der-restaurierung.ch\\\/it\\\/event\\\/material-technik-zwischen-tradition-innovation-sophie-taeuber-arp\\\/2025-10-19\\\/1\\\/#primaryimage\"},\"image\":{\"@id\":\"https:\\\/\\\/tag-der-restaurierung.ch\\\/it\\\/event\\\/material-technik-zwischen-tradition-innovation-sophie-taeuber-arp\\\/2025-10-19\\\/1\\\/#primaryimage\"},\"thumbnailUrl\":\"https:\\\/\\\/tag-der-restaurierung.ch\\\/wp-content\\\/uploads\\\/2025\\\/08\\\/Tag-der-Restaurierung-scaled.jpg\",\"datePublished\":\"2025-08-29T13:56:09+00:00\",\"dateModified\":\"2025-08-29T15:07:44+00:00\",\"breadcrumb\":{\"@id\":\"https:\\\/\\\/tag-der-restaurierung.ch\\\/it\\\/event\\\/material-technik-zwischen-tradition-innovation-sophie-taeuber-arp\\\/2025-10-19\\\/1\\\/#breadcrumb\"},\"inLanguage\":\"it-IT\",\"potentialAction\":[{\"@type\":\"ReadAction\",\"target\":[\"https:\\\/\\\/tag-der-restaurierung.ch\\\/it\\\/event\\\/material-technik-zwischen-tradition-innovation-sophie-taeuber-arp\\\/2025-10-19\\\/1\\\/\"]}]},{\"@type\":\"ImageObject\",\"inLanguage\":\"it-IT\",\"@id\":\"https:\\\/\\\/tag-der-restaurierung.ch\\\/it\\\/event\\\/material-technik-zwischen-tradition-innovation-sophie-taeuber-arp\\\/2025-10-19\\\/1\\\/#primaryimage\",\"url\":\"https:\\\/\\\/tag-der-restaurierung.ch\\\/wp-content\\\/uploads\\\/2025\\\/08\\\/Tag-der-Restaurierung-scaled.jpg\",\"contentUrl\":\"https:\\\/\\\/tag-der-restaurierung.ch\\\/wp-content\\\/uploads\\\/2025\\\/08\\\/Tag-der-Restaurierung-scaled.jpg\",\"width\":2560,\"height\":1957},{\"@type\":\"BreadcrumbList\",\"@id\":\"https:\\\/\\\/tag-der-restaurierung.ch\\\/it\\\/event\\\/material-technik-zwischen-tradition-innovation-sophie-taeuber-arp\\\/2025-10-19\\\/1\\\/#breadcrumb\",\"itemListElement\":[{\"@type\":\"ListItem\",\"position\":1,\"name\":\"Startseite\",\"item\":\"https:\\\/\\\/tag-der-restaurierung.ch\\\/it\\\/home\\\/\"},{\"@type\":\"ListItem\",\"position\":2,\"name\":\"Eventi\",\"item\":\"https:\\\/\\\/tag-der-restaurierung.ch\\\/it\\\/events\\\/\"},{\"@type\":\"ListItem\",\"position\":3,\"name\":\"Material &#038; Technik zwischen Tradition &#038; Innovation: Sophie Taeuber-Arp\"}]},{\"@type\":\"WebSite\",\"@id\":\"https:\\\/\\\/tag-der-restaurierung.ch\\\/it\\\/#website\",\"url\":\"https:\\\/\\\/tag-der-restaurierung.ch\\\/it\\\/\",\"name\":\"Europ\u00e4ischer Tag der Restaurierung \\\/ Journ\u00e9e europ\u00e9enne de la conservation-restauration \\\/ Giornata Europea del Restauro\",\"description\":\"am 18. Oktober 2026 in der Schweiz\",\"publisher\":{\"@id\":\"https:\\\/\\\/tag-der-restaurierung.ch\\\/it\\\/#organization\"},\"potentialAction\":[{\"@type\":\"SearchAction\",\"target\":{\"@type\":\"EntryPoint\",\"urlTemplate\":\"https:\\\/\\\/tag-der-restaurierung.ch\\\/it\\\/?s={search_term_string}\"},\"query-input\":{\"@type\":\"PropertyValueSpecification\",\"valueRequired\":true,\"valueName\":\"search_term_string\"}}],\"inLanguage\":\"it-IT\"},{\"@type\":\"Organization\",\"@id\":\"https:\\\/\\\/tag-der-restaurierung.ch\\\/it\\\/#organization\",\"name\":\"Schweizer Verband f\u00fcr Konservierung und Restaurierung\",\"url\":\"https:\\\/\\\/tag-der-restaurierung.ch\\\/it\\\/\",\"logo\":{\"@type\":\"ImageObject\",\"inLanguage\":\"it-IT\",\"@id\":\"https:\\\/\\\/tag-der-restaurierung.ch\\\/it\\\/#\\\/schema\\\/logo\\\/image\\\/\",\"url\":\"https:\\\/\\\/tag-der-restaurierung.ch\\\/wp-content\\\/uploads\\\/2022\\\/06\\\/SKR-Logo-footer.png\",\"contentUrl\":\"https:\\\/\\\/tag-der-restaurierung.ch\\\/wp-content\\\/uploads\\\/2022\\\/06\\\/SKR-Logo-footer.png\",\"width\":200,\"height\":78,\"caption\":\"Schweizer Verband f\u00fcr Konservierung und Restaurierung\"},\"image\":{\"@id\":\"https:\\\/\\\/tag-der-restaurierung.ch\\\/it\\\/#\\\/schema\\\/logo\\\/image\\\/\"},\"sameAs\":[\"https:\\\/\\\/www.facebook.com\\\/tag.der.restaurierung.ch\"]}]}<\/script>\n<!-- \/ Yoast SEO plugin. -->","yoast_head_json":{"title":"Material & Technik zwischen Tradition & Innovation: Sophie Taeuber-Arp - Europ\u00e4ischer Tag der Restaurierung \/ Journ\u00e9e europ\u00e9enne de la conservation-restauration \/ Giornata Europea del Restauro","robots":{"index":"index","follow":"follow","max-snippet":"max-snippet:-1","max-image-preview":"max-image-preview:large","max-video-preview":"max-video-preview:-1"},"canonical":"https:\/\/tag-der-restaurierung.ch\/it\/event\/material-technik-zwischen-tradition-innovation-sophie-taeuber-arp\/2025-10-19\/1\/","og_locale":"it_IT","og_type":"article","og_title":"Material & Technik zwischen Tradition & Innovation: Sophie Taeuber-Arp - Europ\u00e4ischer Tag der Restaurierung \/ Journ\u00e9e europ\u00e9enne de la conservation-restauration \/ Giornata Europea del Restauro","og_description":"Ein Forschungsteam der Hochschule der K\u00fcnste Bern hat Werke der K\u00fcnstlerin unter die Lupe genommen und gibt Einblick in die Resultate. Mit Gesine Betz, Lucy Gmelch, Meret Haudenschild (Restauratorinnen). Die [&hellip;]","og_url":"https:\/\/tag-der-restaurierung.ch\/it\/event\/material-technik-zwischen-tradition-innovation-sophie-taeuber-arp\/2025-10-19\/1\/","og_site_name":"Europ\u00e4ischer Tag der Restaurierung \/ Journ\u00e9e europ\u00e9enne de la conservation-restauration \/ Giornata Europea del Restauro","article_publisher":"https:\/\/www.facebook.com\/tag.der.restaurierung.ch","article_modified_time":"2025-08-29T15:07:44+00:00","og_image":[{"width":2560,"height":1957,"url":"https:\/\/tag-der-restaurierung.ch\/wp-content\/uploads\/2025\/08\/Tag-der-Restaurierung-scaled.jpg","type":"image\/jpeg"}],"twitter_card":"summary_large_image","twitter_misc":{"Tempo di lettura stimato":"1 minuto"},"schema":{"@context":"https:\/\/schema.org","@graph":[{"@type":"WebPage","@id":"https:\/\/tag-der-restaurierung.ch\/it\/event\/material-technik-zwischen-tradition-innovation-sophie-taeuber-arp\/2025-10-19\/1\/","url":"https:\/\/tag-der-restaurierung.ch\/it\/event\/material-technik-zwischen-tradition-innovation-sophie-taeuber-arp\/2025-10-19\/1\/","name":"Material & Technik zwischen Tradition & Innovation: Sophie Taeuber-Arp - Europ\u00e4ischer Tag der Restaurierung \/ Journ\u00e9e europ\u00e9enne de la conservation-restauration \/ Giornata Europea del Restauro","isPartOf":{"@id":"https:\/\/tag-der-restaurierung.ch\/it\/#website"},"primaryImageOfPage":{"@id":"https:\/\/tag-der-restaurierung.ch\/it\/event\/material-technik-zwischen-tradition-innovation-sophie-taeuber-arp\/2025-10-19\/1\/#primaryimage"},"image":{"@id":"https:\/\/tag-der-restaurierung.ch\/it\/event\/material-technik-zwischen-tradition-innovation-sophie-taeuber-arp\/2025-10-19\/1\/#primaryimage"},"thumbnailUrl":"https:\/\/tag-der-restaurierung.ch\/wp-content\/uploads\/2025\/08\/Tag-der-Restaurierung-scaled.jpg","datePublished":"2025-08-29T13:56:09+00:00","dateModified":"2025-08-29T15:07:44+00:00","breadcrumb":{"@id":"https:\/\/tag-der-restaurierung.ch\/it\/event\/material-technik-zwischen-tradition-innovation-sophie-taeuber-arp\/2025-10-19\/1\/#breadcrumb"},"inLanguage":"it-IT","potentialAction":[{"@type":"ReadAction","target":["https:\/\/tag-der-restaurierung.ch\/it\/event\/material-technik-zwischen-tradition-innovation-sophie-taeuber-arp\/2025-10-19\/1\/"]}]},{"@type":"ImageObject","inLanguage":"it-IT","@id":"https:\/\/tag-der-restaurierung.ch\/it\/event\/material-technik-zwischen-tradition-innovation-sophie-taeuber-arp\/2025-10-19\/1\/#primaryimage","url":"https:\/\/tag-der-restaurierung.ch\/wp-content\/uploads\/2025\/08\/Tag-der-Restaurierung-scaled.jpg","contentUrl":"https:\/\/tag-der-restaurierung.ch\/wp-content\/uploads\/2025\/08\/Tag-der-Restaurierung-scaled.jpg","width":2560,"height":1957},{"@type":"BreadcrumbList","@id":"https:\/\/tag-der-restaurierung.ch\/it\/event\/material-technik-zwischen-tradition-innovation-sophie-taeuber-arp\/2025-10-19\/1\/#breadcrumb","itemListElement":[{"@type":"ListItem","position":1,"name":"Startseite","item":"https:\/\/tag-der-restaurierung.ch\/it\/home\/"},{"@type":"ListItem","position":2,"name":"Eventi","item":"https:\/\/tag-der-restaurierung.ch\/it\/events\/"},{"@type":"ListItem","position":3,"name":"Material &#038; Technik zwischen Tradition &#038; Innovation: Sophie Taeuber-Arp"}]},{"@type":"WebSite","@id":"https:\/\/tag-der-restaurierung.ch\/it\/#website","url":"https:\/\/tag-der-restaurierung.ch\/it\/","name":"Europ\u00e4ischer Tag der Restaurierung \/ Journ\u00e9e europ\u00e9enne de la conservation-restauration \/ Giornata Europea del Restauro","description":"am 18. Oktober 2026 in der Schweiz","publisher":{"@id":"https:\/\/tag-der-restaurierung.ch\/it\/#organization"},"potentialAction":[{"@type":"SearchAction","target":{"@type":"EntryPoint","urlTemplate":"https:\/\/tag-der-restaurierung.ch\/it\/?s={search_term_string}"},"query-input":{"@type":"PropertyValueSpecification","valueRequired":true,"valueName":"search_term_string"}}],"inLanguage":"it-IT"},{"@type":"Organization","@id":"https:\/\/tag-der-restaurierung.ch\/it\/#organization","name":"Schweizer Verband f\u00fcr Konservierung und Restaurierung","url":"https:\/\/tag-der-restaurierung.ch\/it\/","logo":{"@type":"ImageObject","inLanguage":"it-IT","@id":"https:\/\/tag-der-restaurierung.ch\/it\/#\/schema\/logo\/image\/","url":"https:\/\/tag-der-restaurierung.ch\/wp-content\/uploads\/2022\/06\/SKR-Logo-footer.png","contentUrl":"https:\/\/tag-der-restaurierung.ch\/wp-content\/uploads\/2022\/06\/SKR-Logo-footer.png","width":200,"height":78,"caption":"Schweizer Verband f\u00fcr Konservierung und Restaurierung"},"image":{"@id":"https:\/\/tag-der-restaurierung.ch\/it\/#\/schema\/logo\/image\/"},"sameAs":["https:\/\/www.facebook.com\/tag.der.restaurierung.ch"]}]}},"_links":{"self":[{"href":"https:\/\/tag-der-restaurierung.ch\/it\/wp-json\/wp\/v2\/tribe_events\/10000089","targetHints":{"allow":["GET"]}}],"collection":[{"href":"https:\/\/tag-der-restaurierung.ch\/it\/wp-json\/wp\/v2\/tribe_events"}],"about":[{"href":"https:\/\/tag-der-restaurierung.ch\/it\/wp-json\/wp\/v2\/types\/tribe_events"}],"author":[{"embeddable":true,"href":"https:\/\/tag-der-restaurierung.ch\/it\/wp-json\/wp\/v2\/users\/80"}],"version-history":[{"count":0,"href":"https:\/\/tag-der-restaurierung.ch\/it\/wp-json\/wp\/v2\/tribe_events\/10000089\/revisions"}],"wp:featuredmedia":[{"embeddable":true,"href":"https:\/\/tag-der-restaurierung.ch\/it\/wp-json\/wp\/v2\/media\/2917"}],"wp:attachment":[{"href":"https:\/\/tag-der-restaurierung.ch\/it\/wp-json\/wp\/v2\/media?parent=10000089"}],"wp:term":[{"taxonomy":"post_tag","embeddable":true,"href":"https:\/\/tag-der-restaurierung.ch\/it\/wp-json\/wp\/v2\/tags?post=10000089"},{"taxonomy":"tribe_events_cat","embeddable":true,"href":"https:\/\/tag-der-restaurierung.ch\/it\/wp-json\/wp\/v2\/tribe_events_cat?post=10000089"}],"curies":[{"name":"wp","href":"https:\/\/api.w.org\/{rel}","templated":true}]}}