{"id":3386,"date":"2025-10-10T10:57:14","date_gmt":"2025-10-10T08:57:14","guid":{"rendered":"https:\/\/tag-der-restaurierung.ch\/?post_type=tribe_events&#038;p=3386"},"modified":"2025-10-10T10:57:14","modified_gmt":"2025-10-10T08:57:14","slug":"attention-peinture-fraiche-portes-ouvertes-du-nouvel-atelier-pour-le-papier-sarl","status":"publish","type":"tribe_events","link":"https:\/\/tag-der-restaurierung.ch\/fr\/event\/attention-peinture-fraiche-portes-ouvertes-du-nouvel-atelier-pour-le-papier-sarl\/","title":{"rendered":"Attention peinture fra\u00eeche ! Portes ouvertes du nouvel Atelier pour le papier S\u00e0rl"},"content":{"rendered":"<p>L&rsquo;Atelier pour le papier S\u00e0rl a ouvert en 2016 \u00e0 Yverdon-les-Bains. Depuis octobre, il occupe de nouveaux locaux plus spacieux pour conserver et restaurer les objets artistiques ou historiques sur support papier. Florane Gindroz Iseli vous pr\u00e9sentera ce nouvel espace con\u00e7u sp\u00e9cialement pour traiter toutes les probl\u00e9matiques de son domaine. Livres, parchemins, documents d&rsquo;archives, arts graphiques, papiers peints &#8211; l&rsquo;occasion unique de plonger dans le monde de la conservation-restauration !<\/p>\n","protected":false},"excerpt":{"rendered":"<p>L&rsquo;Atelier pour le papier S\u00e0rl a ouvert en 2016 \u00e0 Yverdon-les-Bains. Depuis octobre, il occupe de nouveaux locaux plus spacieux pour conserver et restaurer les objets artistiques ou historiques sur [&hellip;]<\/p>\n","protected":false},"author":21,"featured_media":3390,"template":"","meta":{"_tribe_events_status":"","_tribe_events_status_reason":"","_tribe_events_is_hybrid":"","_tribe_events_is_virtual":"","_tribe_events_virtual_video_source":"","_tribe_events_virtual_embed_video":"","_tribe_events_virtual_linked_button_text":"","_tribe_events_virtual_linked_button":"","_tribe_events_virtual_show_embed_at":"","_tribe_events_virtual_show_embed_to":[],"_tribe_events_virtual_show_on_event":"","_tribe_events_virtual_show_on_views":"","_tribe_events_virtual_url":"","footnotes":""},"tags":[48,51],"tribe_events_cat":[58,37],"class_list":["post-3386","tribe_events","type-tribe_events","status-publish","has-post-thumbnail","hentry","tag-restaurator-in","tag-atelier","tribe_events_cat-erwachseneundkinder","tribe_events_cat-offenetueren","cat_erwachseneundkinder","cat_offenetueren"],"yoast_head":"<!-- This site is optimized with the Yoast SEO plugin v27.3 - https:\/\/yoast.com\/product\/yoast-seo-wordpress\/ -->\n<title>Attention peinture fra\u00eeche ! Portes ouvertes du nouvel Atelier pour le papier S\u00e0rl - Europ\u00e4ischer Tag der Restaurierung \/ Journ\u00e9e europ\u00e9enne de la conservation-restauration \/ Giornata Europea del Restauro<\/title>\n<meta name=\"robots\" content=\"index, follow, max-snippet:-1, max-image-preview:large, max-video-preview:-1\" \/>\n<link rel=\"canonical\" href=\"https:\/\/tag-der-restaurierung.ch\/fr\/event\/attention-peinture-fraiche-portes-ouvertes-du-nouvel-atelier-pour-le-papier-sarl\/\" \/>\n<meta property=\"og:locale\" content=\"fr_FR\" \/>\n<meta property=\"og:type\" content=\"article\" \/>\n<meta property=\"og:title\" content=\"Attention peinture fra\u00eeche ! Portes ouvertes du nouvel Atelier pour le papier S\u00e0rl - Europ\u00e4ischer Tag der Restaurierung \/ Journ\u00e9e europ\u00e9enne de la conservation-restauration \/ Giornata Europea del Restauro\" \/>\n<meta property=\"og:description\" content=\"L&rsquo;Atelier pour le papier S\u00e0rl a ouvert en 2016 \u00e0 Yverdon-les-Bains. Depuis octobre, il occupe de nouveaux locaux plus spacieux pour conserver et restaurer les objets artistiques ou historiques sur [&hellip;]\" \/>\n<meta property=\"og:url\" content=\"https:\/\/tag-der-restaurierung.ch\/fr\/event\/attention-peinture-fraiche-portes-ouvertes-du-nouvel-atelier-pour-le-papier-sarl\/\" \/>\n<meta property=\"og:site_name\" content=\"Europ\u00e4ischer Tag der Restaurierung \/ Journ\u00e9e europ\u00e9enne de la conservation-restauration \/ Giornata Europea del Restauro\" \/>\n<meta property=\"article:publisher\" content=\"https:\/\/www.facebook.com\/tag.der.restaurierung.ch\" \/>\n<meta property=\"og:image\" content=\"https:\/\/tag-der-restaurierung.ch\/wp-content\/uploads\/2025\/10\/IMG_8265-1-scaled.jpg\" \/>\n\t<meta property=\"og:image:width\" content=\"1920\" \/>\n\t<meta property=\"og:image:height\" content=\"2560\" \/>\n\t<meta property=\"og:image:type\" content=\"image\/jpeg\" \/>\n<meta name=\"twitter:card\" content=\"summary_large_image\" \/>\n<meta name=\"twitter:label1\" content=\"Dur\u00e9e de lecture estim\u00e9e\" \/>\n\t<meta name=\"twitter:data1\" content=\"1 minute\" \/>\n<script type=\"application\/ld+json\" class=\"yoast-schema-graph\">{\"@context\":\"https:\\\/\\\/schema.org\",\"@graph\":[{\"@type\":\"WebPage\",\"@id\":\"https:\\\/\\\/tag-der-restaurierung.ch\\\/fr\\\/event\\\/attention-peinture-fraiche-portes-ouvertes-du-nouvel-atelier-pour-le-papier-sarl\\\/\",\"url\":\"https:\\\/\\\/tag-der-restaurierung.ch\\\/fr\\\/event\\\/attention-peinture-fraiche-portes-ouvertes-du-nouvel-atelier-pour-le-papier-sarl\\\/\",\"name\":\"Attention peinture fra\u00eeche ! Portes ouvertes du nouvel Atelier pour le papier S\u00e0rl - Europ\u00e4ischer Tag der Restaurierung \\\/ Journ\u00e9e europ\u00e9enne de la conservation-restauration \\\/ Giornata Europea del Restauro\",\"isPartOf\":{\"@id\":\"https:\\\/\\\/tag-der-restaurierung.ch\\\/fr\\\/#website\"},\"primaryImageOfPage\":{\"@id\":\"https:\\\/\\\/tag-der-restaurierung.ch\\\/fr\\\/event\\\/attention-peinture-fraiche-portes-ouvertes-du-nouvel-atelier-pour-le-papier-sarl\\\/#primaryimage\"},\"image\":{\"@id\":\"https:\\\/\\\/tag-der-restaurierung.ch\\\/fr\\\/event\\\/attention-peinture-fraiche-portes-ouvertes-du-nouvel-atelier-pour-le-papier-sarl\\\/#primaryimage\"},\"thumbnailUrl\":\"https:\\\/\\\/tag-der-restaurierung.ch\\\/wp-content\\\/uploads\\\/2025\\\/10\\\/IMG_8265-1-scaled.jpg\",\"datePublished\":\"2025-10-10T08:57:14+00:00\",\"breadcrumb\":{\"@id\":\"https:\\\/\\\/tag-der-restaurierung.ch\\\/fr\\\/event\\\/attention-peinture-fraiche-portes-ouvertes-du-nouvel-atelier-pour-le-papier-sarl\\\/#breadcrumb\"},\"inLanguage\":\"fr-FR\",\"potentialAction\":[{\"@type\":\"ReadAction\",\"target\":[\"https:\\\/\\\/tag-der-restaurierung.ch\\\/fr\\\/event\\\/attention-peinture-fraiche-portes-ouvertes-du-nouvel-atelier-pour-le-papier-sarl\\\/\"]}]},{\"@type\":\"ImageObject\",\"inLanguage\":\"fr-FR\",\"@id\":\"https:\\\/\\\/tag-der-restaurierung.ch\\\/fr\\\/event\\\/attention-peinture-fraiche-portes-ouvertes-du-nouvel-atelier-pour-le-papier-sarl\\\/#primaryimage\",\"url\":\"https:\\\/\\\/tag-der-restaurierung.ch\\\/wp-content\\\/uploads\\\/2025\\\/10\\\/IMG_8265-1-scaled.jpg\",\"contentUrl\":\"https:\\\/\\\/tag-der-restaurierung.ch\\\/wp-content\\\/uploads\\\/2025\\\/10\\\/IMG_8265-1-scaled.jpg\",\"width\":1920,\"height\":2560},{\"@type\":\"BreadcrumbList\",\"@id\":\"https:\\\/\\\/tag-der-restaurierung.ch\\\/fr\\\/event\\\/attention-peinture-fraiche-portes-ouvertes-du-nouvel-atelier-pour-le-papier-sarl\\\/#breadcrumb\",\"itemListElement\":[{\"@type\":\"ListItem\",\"position\":1,\"name\":\"Startseite\",\"item\":\"https:\\\/\\\/tag-der-restaurierung.ch\\\/fr\\\/home\\\/\"},{\"@type\":\"ListItem\",\"position\":2,\"name\":\"\u00c9v\u00e8nements\",\"item\":\"https:\\\/\\\/tag-der-restaurierung.ch\\\/fr\\\/events\\\/\"},{\"@type\":\"ListItem\",\"position\":3,\"name\":\"Attention peinture fra\u00eeche ! Portes ouvertes du nouvel Atelier pour le papier S\u00e0rl\"}]},{\"@type\":\"WebSite\",\"@id\":\"https:\\\/\\\/tag-der-restaurierung.ch\\\/fr\\\/#website\",\"url\":\"https:\\\/\\\/tag-der-restaurierung.ch\\\/fr\\\/\",\"name\":\"Europ\u00e4ischer Tag der Restaurierung \\\/ Journ\u00e9e europ\u00e9enne de la conservation-restauration \\\/ Giornata Europea del Restauro\",\"description\":\"am 18. Oktober 2026 in der Schweiz\",\"publisher\":{\"@id\":\"https:\\\/\\\/tag-der-restaurierung.ch\\\/fr\\\/#organization\"},\"potentialAction\":[{\"@type\":\"SearchAction\",\"target\":{\"@type\":\"EntryPoint\",\"urlTemplate\":\"https:\\\/\\\/tag-der-restaurierung.ch\\\/fr\\\/?s={search_term_string}\"},\"query-input\":{\"@type\":\"PropertyValueSpecification\",\"valueRequired\":true,\"valueName\":\"search_term_string\"}}],\"inLanguage\":\"fr-FR\"},{\"@type\":\"Organization\",\"@id\":\"https:\\\/\\\/tag-der-restaurierung.ch\\\/fr\\\/#organization\",\"name\":\"Schweizer Verband f\u00fcr Konservierung und Restaurierung\",\"url\":\"https:\\\/\\\/tag-der-restaurierung.ch\\\/fr\\\/\",\"logo\":{\"@type\":\"ImageObject\",\"inLanguage\":\"fr-FR\",\"@id\":\"https:\\\/\\\/tag-der-restaurierung.ch\\\/fr\\\/#\\\/schema\\\/logo\\\/image\\\/\",\"url\":\"https:\\\/\\\/tag-der-restaurierung.ch\\\/wp-content\\\/uploads\\\/2022\\\/06\\\/SKR-Logo-footer.png\",\"contentUrl\":\"https:\\\/\\\/tag-der-restaurierung.ch\\\/wp-content\\\/uploads\\\/2022\\\/06\\\/SKR-Logo-footer.png\",\"width\":200,\"height\":78,\"caption\":\"Schweizer Verband f\u00fcr Konservierung und Restaurierung\"},\"image\":{\"@id\":\"https:\\\/\\\/tag-der-restaurierung.ch\\\/fr\\\/#\\\/schema\\\/logo\\\/image\\\/\"},\"sameAs\":[\"https:\\\/\\\/www.facebook.com\\\/tag.der.restaurierung.ch\"]}]}<\/script>\n<!-- \/ Yoast SEO plugin. -->","yoast_head_json":{"title":"Attention peinture fra\u00eeche ! Portes ouvertes du nouvel Atelier pour le papier S\u00e0rl - Europ\u00e4ischer Tag der Restaurierung \/ Journ\u00e9e europ\u00e9enne de la conservation-restauration \/ Giornata Europea del Restauro","robots":{"index":"index","follow":"follow","max-snippet":"max-snippet:-1","max-image-preview":"max-image-preview:large","max-video-preview":"max-video-preview:-1"},"canonical":"https:\/\/tag-der-restaurierung.ch\/fr\/event\/attention-peinture-fraiche-portes-ouvertes-du-nouvel-atelier-pour-le-papier-sarl\/","og_locale":"fr_FR","og_type":"article","og_title":"Attention peinture fra\u00eeche ! Portes ouvertes du nouvel Atelier pour le papier S\u00e0rl - Europ\u00e4ischer Tag der Restaurierung \/ Journ\u00e9e europ\u00e9enne de la conservation-restauration \/ Giornata Europea del Restauro","og_description":"L&rsquo;Atelier pour le papier S\u00e0rl a ouvert en 2016 \u00e0 Yverdon-les-Bains. Depuis octobre, il occupe de nouveaux locaux plus spacieux pour conserver et restaurer les objets artistiques ou historiques sur [&hellip;]","og_url":"https:\/\/tag-der-restaurierung.ch\/fr\/event\/attention-peinture-fraiche-portes-ouvertes-du-nouvel-atelier-pour-le-papier-sarl\/","og_site_name":"Europ\u00e4ischer Tag der Restaurierung \/ Journ\u00e9e europ\u00e9enne de la conservation-restauration \/ Giornata Europea del Restauro","article_publisher":"https:\/\/www.facebook.com\/tag.der.restaurierung.ch","og_image":[{"width":1920,"height":2560,"url":"https:\/\/tag-der-restaurierung.ch\/wp-content\/uploads\/2025\/10\/IMG_8265-1-scaled.jpg","type":"image\/jpeg"}],"twitter_card":"summary_large_image","twitter_misc":{"Dur\u00e9e de lecture estim\u00e9e":"1 minute"},"schema":{"@context":"https:\/\/schema.org","@graph":[{"@type":"WebPage","@id":"https:\/\/tag-der-restaurierung.ch\/fr\/event\/attention-peinture-fraiche-portes-ouvertes-du-nouvel-atelier-pour-le-papier-sarl\/","url":"https:\/\/tag-der-restaurierung.ch\/fr\/event\/attention-peinture-fraiche-portes-ouvertes-du-nouvel-atelier-pour-le-papier-sarl\/","name":"Attention peinture fra\u00eeche ! Portes ouvertes du nouvel Atelier pour le papier S\u00e0rl - Europ\u00e4ischer Tag der Restaurierung \/ Journ\u00e9e europ\u00e9enne de la conservation-restauration \/ Giornata Europea del Restauro","isPartOf":{"@id":"https:\/\/tag-der-restaurierung.ch\/fr\/#website"},"primaryImageOfPage":{"@id":"https:\/\/tag-der-restaurierung.ch\/fr\/event\/attention-peinture-fraiche-portes-ouvertes-du-nouvel-atelier-pour-le-papier-sarl\/#primaryimage"},"image":{"@id":"https:\/\/tag-der-restaurierung.ch\/fr\/event\/attention-peinture-fraiche-portes-ouvertes-du-nouvel-atelier-pour-le-papier-sarl\/#primaryimage"},"thumbnailUrl":"https:\/\/tag-der-restaurierung.ch\/wp-content\/uploads\/2025\/10\/IMG_8265-1-scaled.jpg","datePublished":"2025-10-10T08:57:14+00:00","breadcrumb":{"@id":"https:\/\/tag-der-restaurierung.ch\/fr\/event\/attention-peinture-fraiche-portes-ouvertes-du-nouvel-atelier-pour-le-papier-sarl\/#breadcrumb"},"inLanguage":"fr-FR","potentialAction":[{"@type":"ReadAction","target":["https:\/\/tag-der-restaurierung.ch\/fr\/event\/attention-peinture-fraiche-portes-ouvertes-du-nouvel-atelier-pour-le-papier-sarl\/"]}]},{"@type":"ImageObject","inLanguage":"fr-FR","@id":"https:\/\/tag-der-restaurierung.ch\/fr\/event\/attention-peinture-fraiche-portes-ouvertes-du-nouvel-atelier-pour-le-papier-sarl\/#primaryimage","url":"https:\/\/tag-der-restaurierung.ch\/wp-content\/uploads\/2025\/10\/IMG_8265-1-scaled.jpg","contentUrl":"https:\/\/tag-der-restaurierung.ch\/wp-content\/uploads\/2025\/10\/IMG_8265-1-scaled.jpg","width":1920,"height":2560},{"@type":"BreadcrumbList","@id":"https:\/\/tag-der-restaurierung.ch\/fr\/event\/attention-peinture-fraiche-portes-ouvertes-du-nouvel-atelier-pour-le-papier-sarl\/#breadcrumb","itemListElement":[{"@type":"ListItem","position":1,"name":"Startseite","item":"https:\/\/tag-der-restaurierung.ch\/fr\/home\/"},{"@type":"ListItem","position":2,"name":"\u00c9v\u00e8nements","item":"https:\/\/tag-der-restaurierung.ch\/fr\/events\/"},{"@type":"ListItem","position":3,"name":"Attention peinture fra\u00eeche ! Portes ouvertes du nouvel Atelier pour le papier S\u00e0rl"}]},{"@type":"WebSite","@id":"https:\/\/tag-der-restaurierung.ch\/fr\/#website","url":"https:\/\/tag-der-restaurierung.ch\/fr\/","name":"Europ\u00e4ischer Tag der Restaurierung \/ Journ\u00e9e europ\u00e9enne de la conservation-restauration \/ Giornata Europea del Restauro","description":"am 18. Oktober 2026 in der Schweiz","publisher":{"@id":"https:\/\/tag-der-restaurierung.ch\/fr\/#organization"},"potentialAction":[{"@type":"SearchAction","target":{"@type":"EntryPoint","urlTemplate":"https:\/\/tag-der-restaurierung.ch\/fr\/?s={search_term_string}"},"query-input":{"@type":"PropertyValueSpecification","valueRequired":true,"valueName":"search_term_string"}}],"inLanguage":"fr-FR"},{"@type":"Organization","@id":"https:\/\/tag-der-restaurierung.ch\/fr\/#organization","name":"Schweizer Verband f\u00fcr Konservierung und Restaurierung","url":"https:\/\/tag-der-restaurierung.ch\/fr\/","logo":{"@type":"ImageObject","inLanguage":"fr-FR","@id":"https:\/\/tag-der-restaurierung.ch\/fr\/#\/schema\/logo\/image\/","url":"https:\/\/tag-der-restaurierung.ch\/wp-content\/uploads\/2022\/06\/SKR-Logo-footer.png","contentUrl":"https:\/\/tag-der-restaurierung.ch\/wp-content\/uploads\/2022\/06\/SKR-Logo-footer.png","width":200,"height":78,"caption":"Schweizer Verband f\u00fcr Konservierung und Restaurierung"},"image":{"@id":"https:\/\/tag-der-restaurierung.ch\/fr\/#\/schema\/logo\/image\/"},"sameAs":["https:\/\/www.facebook.com\/tag.der.restaurierung.ch"]}]}},"_links":{"self":[{"href":"https:\/\/tag-der-restaurierung.ch\/fr\/wp-json\/wp\/v2\/tribe_events\/3386","targetHints":{"allow":["GET"]}}],"collection":[{"href":"https:\/\/tag-der-restaurierung.ch\/fr\/wp-json\/wp\/v2\/tribe_events"}],"about":[{"href":"https:\/\/tag-der-restaurierung.ch\/fr\/wp-json\/wp\/v2\/types\/tribe_events"}],"author":[{"embeddable":true,"href":"https:\/\/tag-der-restaurierung.ch\/fr\/wp-json\/wp\/v2\/users\/21"}],"version-history":[{"count":0,"href":"https:\/\/tag-der-restaurierung.ch\/fr\/wp-json\/wp\/v2\/tribe_events\/3386\/revisions"}],"wp:featuredmedia":[{"embeddable":true,"href":"https:\/\/tag-der-restaurierung.ch\/fr\/wp-json\/wp\/v2\/media\/3390"}],"wp:attachment":[{"href":"https:\/\/tag-der-restaurierung.ch\/fr\/wp-json\/wp\/v2\/media?parent=3386"}],"wp:term":[{"taxonomy":"post_tag","embeddable":true,"href":"https:\/\/tag-der-restaurierung.ch\/fr\/wp-json\/wp\/v2\/tags?post=3386"},{"taxonomy":"tribe_events_cat","embeddable":true,"href":"https:\/\/tag-der-restaurierung.ch\/fr\/wp-json\/wp\/v2\/tribe_events_cat?post=3386"}],"curies":[{"name":"wp","href":"https:\/\/api.w.org\/{rel}","templated":true}]}}