{"id":2679,"date":"2025-08-31T13:31:23","date_gmt":"2025-08-31T11:31:23","guid":{"rendered":"https:\/\/tag-der-restaurierung.ch\/?post_type=tribe_events&#038;p=2679"},"modified":"2025-08-31T13:31:23","modified_gmt":"2025-08-31T11:31:23","slug":"vernissage-zofingens-blick-zurueck-1929-1967-filme-aus-dem-studio-scholl","status":"publish","type":"tribe_events","link":"https:\/\/tag-der-restaurierung.ch\/fr\/event\/vernissage-zofingens-blick-zurueck-1929-1967-filme-aus-dem-studio-scholl\/","title":{"rendered":"Vernissage: \u00ab\u00a0Zofingens Blick zur\u00fcck (1929-1967) &#8211; Filme aus dem Studio Scholl\u00a0\u00bb"},"content":{"rendered":"<p>Nach der aufw\u00e4ndigen Restaurierung und Digitalisierung von 200 Filmen aus dem Zofinger Studio Scholl (1929-1967) wird heute mit der Er\u00f6ffnung der Sonderausstellung im Museum Zofingen in Zusammenarbeit mit Memoriav der Bedeutung der sogf\u00e4ltigen Erhaltung und der nachhaltigen Lagerung von Kulturgut Rechnung getragen..<\/p>\n<p>Wir laden zur Vernissage am Sonntag, 19.10.2025 um 11.00 Uhr ein.<\/p>\n","protected":false},"excerpt":{"rendered":"<p>Nach der aufw\u00e4ndigen Restaurierung und Digitalisierung von 200 Filmen aus dem Zofinger Studio Scholl (1929-1967) wird heute mit der Er\u00f6ffnung der Sonderausstellung im Museum Zofingen in Zusammenarbeit mit Memoriav der [&hellip;]<\/p>\n","protected":false},"author":76,"featured_media":2693,"template":"","meta":{"_tribe_events_status":"","_tribe_events_status_reason":"","_tribe_events_is_hybrid":"","_tribe_events_is_virtual":"","_tribe_events_virtual_video_source":"","_tribe_events_virtual_embed_video":"","_tribe_events_virtual_linked_button_text":"","_tribe_events_virtual_linked_button":"","_tribe_events_virtual_show_embed_at":"","_tribe_events_virtual_show_embed_to":[],"_tribe_events_virtual_show_on_event":"","_tribe_events_virtual_show_on_views":"","_tribe_events_virtual_url":"","footnotes":""},"tags":[49],"tribe_events_cat":[47],"class_list":["post-2679","tribe_events","type-tribe_events","status-publish","has-post-thumbnail","hentry","tag-museum","tribe_events_cat-fest","cat_fest"],"yoast_head":"<!-- This site is optimized with the Yoast SEO plugin v27.3 - https:\/\/yoast.com\/product\/yoast-seo-wordpress\/ -->\n<title>Vernissage: &quot;Zofingens Blick zur\u00fcck (1929-1967) - Filme aus dem Studio Scholl&quot; - Europ\u00e4ischer Tag der Restaurierung \/ Journ\u00e9e europ\u00e9enne de la conservation-restauration \/ Giornata Europea del Restauro<\/title>\n<meta name=\"robots\" content=\"index, follow, max-snippet:-1, max-image-preview:large, max-video-preview:-1\" \/>\n<link rel=\"canonical\" href=\"https:\/\/tag-der-restaurierung.ch\/fr\/event\/vernissage-zofingens-blick-zurueck-1929-1967-filme-aus-dem-studio-scholl\/\" \/>\n<meta property=\"og:locale\" content=\"fr_FR\" \/>\n<meta property=\"og:type\" content=\"article\" \/>\n<meta property=\"og:title\" content=\"Vernissage: &quot;Zofingens Blick zur\u00fcck (1929-1967) - Filme aus dem Studio Scholl&quot; - Europ\u00e4ischer Tag der Restaurierung \/ Journ\u00e9e europ\u00e9enne de la conservation-restauration \/ Giornata Europea del Restauro\" \/>\n<meta property=\"og:description\" content=\"Nach der aufw\u00e4ndigen Restaurierung und Digitalisierung von 200 Filmen aus dem Zofinger Studio Scholl (1929-1967) wird heute mit der Er\u00f6ffnung der Sonderausstellung im Museum Zofingen in Zusammenarbeit mit Memoriav der [&hellip;]\" \/>\n<meta property=\"og:url\" content=\"https:\/\/tag-der-restaurierung.ch\/fr\/event\/vernissage-zofingens-blick-zurueck-1929-1967-filme-aus-dem-studio-scholl\/\" \/>\n<meta property=\"og:site_name\" content=\"Europ\u00e4ischer Tag der Restaurierung \/ Journ\u00e9e europ\u00e9enne de la conservation-restauration \/ Giornata Europea del Restauro\" \/>\n<meta property=\"article:publisher\" content=\"https:\/\/www.facebook.com\/tag.der.restaurierung.ch\" \/>\n<meta property=\"og:image\" content=\"https:\/\/tag-der-restaurierung.ch\/wp-content\/uploads\/2025\/07\/MG_2262_Foto-Roger-Wehrli-2-scaled.jpg\" \/>\n\t<meta property=\"og:image:width\" content=\"2560\" \/>\n\t<meta property=\"og:image:height\" content=\"1710\" \/>\n\t<meta property=\"og:image:type\" content=\"image\/jpeg\" \/>\n<meta name=\"twitter:card\" content=\"summary_large_image\" \/>\n<meta name=\"twitter:label1\" content=\"Dur\u00e9e de lecture estim\u00e9e\" \/>\n\t<meta name=\"twitter:data1\" content=\"1 minute\" \/>\n<script type=\"application\/ld+json\" class=\"yoast-schema-graph\">{\"@context\":\"https:\\\/\\\/schema.org\",\"@graph\":[{\"@type\":\"WebPage\",\"@id\":\"https:\\\/\\\/tag-der-restaurierung.ch\\\/fr\\\/event\\\/vernissage-zofingens-blick-zurueck-1929-1967-filme-aus-dem-studio-scholl\\\/\",\"url\":\"https:\\\/\\\/tag-der-restaurierung.ch\\\/fr\\\/event\\\/vernissage-zofingens-blick-zurueck-1929-1967-filme-aus-dem-studio-scholl\\\/\",\"name\":\"Vernissage: \\\"Zofingens Blick zur\u00fcck (1929-1967) - Filme aus dem Studio Scholl\\\" - Europ\u00e4ischer Tag der Restaurierung \\\/ Journ\u00e9e europ\u00e9enne de la conservation-restauration \\\/ Giornata Europea del Restauro\",\"isPartOf\":{\"@id\":\"https:\\\/\\\/tag-der-restaurierung.ch\\\/fr\\\/#website\"},\"primaryImageOfPage\":{\"@id\":\"https:\\\/\\\/tag-der-restaurierung.ch\\\/fr\\\/event\\\/vernissage-zofingens-blick-zurueck-1929-1967-filme-aus-dem-studio-scholl\\\/#primaryimage\"},\"image\":{\"@id\":\"https:\\\/\\\/tag-der-restaurierung.ch\\\/fr\\\/event\\\/vernissage-zofingens-blick-zurueck-1929-1967-filme-aus-dem-studio-scholl\\\/#primaryimage\"},\"thumbnailUrl\":\"https:\\\/\\\/tag-der-restaurierung.ch\\\/wp-content\\\/uploads\\\/2025\\\/07\\\/MG_2262_Foto-Roger-Wehrli-2-scaled.jpg\",\"datePublished\":\"2025-08-31T11:31:23+00:00\",\"breadcrumb\":{\"@id\":\"https:\\\/\\\/tag-der-restaurierung.ch\\\/fr\\\/event\\\/vernissage-zofingens-blick-zurueck-1929-1967-filme-aus-dem-studio-scholl\\\/#breadcrumb\"},\"inLanguage\":\"fr-FR\",\"potentialAction\":[{\"@type\":\"ReadAction\",\"target\":[\"https:\\\/\\\/tag-der-restaurierung.ch\\\/fr\\\/event\\\/vernissage-zofingens-blick-zurueck-1929-1967-filme-aus-dem-studio-scholl\\\/\"]}]},{\"@type\":\"ImageObject\",\"inLanguage\":\"fr-FR\",\"@id\":\"https:\\\/\\\/tag-der-restaurierung.ch\\\/fr\\\/event\\\/vernissage-zofingens-blick-zurueck-1929-1967-filme-aus-dem-studio-scholl\\\/#primaryimage\",\"url\":\"https:\\\/\\\/tag-der-restaurierung.ch\\\/wp-content\\\/uploads\\\/2025\\\/07\\\/MG_2262_Foto-Roger-Wehrli-2-scaled.jpg\",\"contentUrl\":\"https:\\\/\\\/tag-der-restaurierung.ch\\\/wp-content\\\/uploads\\\/2025\\\/07\\\/MG_2262_Foto-Roger-Wehrli-2-scaled.jpg\",\"width\":2560,\"height\":1710},{\"@type\":\"BreadcrumbList\",\"@id\":\"https:\\\/\\\/tag-der-restaurierung.ch\\\/fr\\\/event\\\/vernissage-zofingens-blick-zurueck-1929-1967-filme-aus-dem-studio-scholl\\\/#breadcrumb\",\"itemListElement\":[{\"@type\":\"ListItem\",\"position\":1,\"name\":\"Startseite\",\"item\":\"https:\\\/\\\/tag-der-restaurierung.ch\\\/fr\\\/home\\\/\"},{\"@type\":\"ListItem\",\"position\":2,\"name\":\"\u00c9v\u00e8nements\",\"item\":\"https:\\\/\\\/tag-der-restaurierung.ch\\\/fr\\\/events\\\/\"},{\"@type\":\"ListItem\",\"position\":3,\"name\":\"Vernissage: &#8222;Zofingens Blick zur\u00fcck (1929-1967) &#8211; Filme aus dem Studio Scholl&#8220;\"}]},{\"@type\":\"WebSite\",\"@id\":\"https:\\\/\\\/tag-der-restaurierung.ch\\\/fr\\\/#website\",\"url\":\"https:\\\/\\\/tag-der-restaurierung.ch\\\/fr\\\/\",\"name\":\"Europ\u00e4ischer Tag der Restaurierung \\\/ Journ\u00e9e europ\u00e9enne de la conservation-restauration \\\/ Giornata Europea del Restauro\",\"description\":\"am 18. Oktober 2026 in der Schweiz\",\"publisher\":{\"@id\":\"https:\\\/\\\/tag-der-restaurierung.ch\\\/fr\\\/#organization\"},\"potentialAction\":[{\"@type\":\"SearchAction\",\"target\":{\"@type\":\"EntryPoint\",\"urlTemplate\":\"https:\\\/\\\/tag-der-restaurierung.ch\\\/fr\\\/?s={search_term_string}\"},\"query-input\":{\"@type\":\"PropertyValueSpecification\",\"valueRequired\":true,\"valueName\":\"search_term_string\"}}],\"inLanguage\":\"fr-FR\"},{\"@type\":\"Organization\",\"@id\":\"https:\\\/\\\/tag-der-restaurierung.ch\\\/fr\\\/#organization\",\"name\":\"Schweizer Verband f\u00fcr Konservierung und Restaurierung\",\"url\":\"https:\\\/\\\/tag-der-restaurierung.ch\\\/fr\\\/\",\"logo\":{\"@type\":\"ImageObject\",\"inLanguage\":\"fr-FR\",\"@id\":\"https:\\\/\\\/tag-der-restaurierung.ch\\\/fr\\\/#\\\/schema\\\/logo\\\/image\\\/\",\"url\":\"https:\\\/\\\/tag-der-restaurierung.ch\\\/wp-content\\\/uploads\\\/2022\\\/06\\\/SKR-Logo-footer.png\",\"contentUrl\":\"https:\\\/\\\/tag-der-restaurierung.ch\\\/wp-content\\\/uploads\\\/2022\\\/06\\\/SKR-Logo-footer.png\",\"width\":200,\"height\":78,\"caption\":\"Schweizer Verband f\u00fcr Konservierung und Restaurierung\"},\"image\":{\"@id\":\"https:\\\/\\\/tag-der-restaurierung.ch\\\/fr\\\/#\\\/schema\\\/logo\\\/image\\\/\"},\"sameAs\":[\"https:\\\/\\\/www.facebook.com\\\/tag.der.restaurierung.ch\"]}]}<\/script>\n<!-- \/ Yoast SEO plugin. -->","yoast_head_json":{"title":"Vernissage: \"Zofingens Blick zur\u00fcck (1929-1967) - Filme aus dem Studio Scholl\" - Europ\u00e4ischer Tag der Restaurierung \/ Journ\u00e9e europ\u00e9enne de la conservation-restauration \/ Giornata Europea del Restauro","robots":{"index":"index","follow":"follow","max-snippet":"max-snippet:-1","max-image-preview":"max-image-preview:large","max-video-preview":"max-video-preview:-1"},"canonical":"https:\/\/tag-der-restaurierung.ch\/fr\/event\/vernissage-zofingens-blick-zurueck-1929-1967-filme-aus-dem-studio-scholl\/","og_locale":"fr_FR","og_type":"article","og_title":"Vernissage: \"Zofingens Blick zur\u00fcck (1929-1967) - Filme aus dem Studio Scholl\" - Europ\u00e4ischer Tag der Restaurierung \/ Journ\u00e9e europ\u00e9enne de la conservation-restauration \/ Giornata Europea del Restauro","og_description":"Nach der aufw\u00e4ndigen Restaurierung und Digitalisierung von 200 Filmen aus dem Zofinger Studio Scholl (1929-1967) wird heute mit der Er\u00f6ffnung der Sonderausstellung im Museum Zofingen in Zusammenarbeit mit Memoriav der [&hellip;]","og_url":"https:\/\/tag-der-restaurierung.ch\/fr\/event\/vernissage-zofingens-blick-zurueck-1929-1967-filme-aus-dem-studio-scholl\/","og_site_name":"Europ\u00e4ischer Tag der Restaurierung \/ Journ\u00e9e europ\u00e9enne de la conservation-restauration \/ Giornata Europea del Restauro","article_publisher":"https:\/\/www.facebook.com\/tag.der.restaurierung.ch","og_image":[{"width":2560,"height":1710,"url":"https:\/\/tag-der-restaurierung.ch\/wp-content\/uploads\/2025\/07\/MG_2262_Foto-Roger-Wehrli-2-scaled.jpg","type":"image\/jpeg"}],"twitter_card":"summary_large_image","twitter_misc":{"Dur\u00e9e de lecture estim\u00e9e":"1 minute"},"schema":{"@context":"https:\/\/schema.org","@graph":[{"@type":"WebPage","@id":"https:\/\/tag-der-restaurierung.ch\/fr\/event\/vernissage-zofingens-blick-zurueck-1929-1967-filme-aus-dem-studio-scholl\/","url":"https:\/\/tag-der-restaurierung.ch\/fr\/event\/vernissage-zofingens-blick-zurueck-1929-1967-filme-aus-dem-studio-scholl\/","name":"Vernissage: \"Zofingens Blick zur\u00fcck (1929-1967) - Filme aus dem Studio Scholl\" - Europ\u00e4ischer Tag der Restaurierung \/ Journ\u00e9e europ\u00e9enne de la conservation-restauration \/ Giornata Europea del Restauro","isPartOf":{"@id":"https:\/\/tag-der-restaurierung.ch\/fr\/#website"},"primaryImageOfPage":{"@id":"https:\/\/tag-der-restaurierung.ch\/fr\/event\/vernissage-zofingens-blick-zurueck-1929-1967-filme-aus-dem-studio-scholl\/#primaryimage"},"image":{"@id":"https:\/\/tag-der-restaurierung.ch\/fr\/event\/vernissage-zofingens-blick-zurueck-1929-1967-filme-aus-dem-studio-scholl\/#primaryimage"},"thumbnailUrl":"https:\/\/tag-der-restaurierung.ch\/wp-content\/uploads\/2025\/07\/MG_2262_Foto-Roger-Wehrli-2-scaled.jpg","datePublished":"2025-08-31T11:31:23+00:00","breadcrumb":{"@id":"https:\/\/tag-der-restaurierung.ch\/fr\/event\/vernissage-zofingens-blick-zurueck-1929-1967-filme-aus-dem-studio-scholl\/#breadcrumb"},"inLanguage":"fr-FR","potentialAction":[{"@type":"ReadAction","target":["https:\/\/tag-der-restaurierung.ch\/fr\/event\/vernissage-zofingens-blick-zurueck-1929-1967-filme-aus-dem-studio-scholl\/"]}]},{"@type":"ImageObject","inLanguage":"fr-FR","@id":"https:\/\/tag-der-restaurierung.ch\/fr\/event\/vernissage-zofingens-blick-zurueck-1929-1967-filme-aus-dem-studio-scholl\/#primaryimage","url":"https:\/\/tag-der-restaurierung.ch\/wp-content\/uploads\/2025\/07\/MG_2262_Foto-Roger-Wehrli-2-scaled.jpg","contentUrl":"https:\/\/tag-der-restaurierung.ch\/wp-content\/uploads\/2025\/07\/MG_2262_Foto-Roger-Wehrli-2-scaled.jpg","width":2560,"height":1710},{"@type":"BreadcrumbList","@id":"https:\/\/tag-der-restaurierung.ch\/fr\/event\/vernissage-zofingens-blick-zurueck-1929-1967-filme-aus-dem-studio-scholl\/#breadcrumb","itemListElement":[{"@type":"ListItem","position":1,"name":"Startseite","item":"https:\/\/tag-der-restaurierung.ch\/fr\/home\/"},{"@type":"ListItem","position":2,"name":"\u00c9v\u00e8nements","item":"https:\/\/tag-der-restaurierung.ch\/fr\/events\/"},{"@type":"ListItem","position":3,"name":"Vernissage: &#8222;Zofingens Blick zur\u00fcck (1929-1967) &#8211; Filme aus dem Studio Scholl&#8220;"}]},{"@type":"WebSite","@id":"https:\/\/tag-der-restaurierung.ch\/fr\/#website","url":"https:\/\/tag-der-restaurierung.ch\/fr\/","name":"Europ\u00e4ischer Tag der Restaurierung \/ Journ\u00e9e europ\u00e9enne de la conservation-restauration \/ Giornata Europea del Restauro","description":"am 18. Oktober 2026 in der Schweiz","publisher":{"@id":"https:\/\/tag-der-restaurierung.ch\/fr\/#organization"},"potentialAction":[{"@type":"SearchAction","target":{"@type":"EntryPoint","urlTemplate":"https:\/\/tag-der-restaurierung.ch\/fr\/?s={search_term_string}"},"query-input":{"@type":"PropertyValueSpecification","valueRequired":true,"valueName":"search_term_string"}}],"inLanguage":"fr-FR"},{"@type":"Organization","@id":"https:\/\/tag-der-restaurierung.ch\/fr\/#organization","name":"Schweizer Verband f\u00fcr Konservierung und Restaurierung","url":"https:\/\/tag-der-restaurierung.ch\/fr\/","logo":{"@type":"ImageObject","inLanguage":"fr-FR","@id":"https:\/\/tag-der-restaurierung.ch\/fr\/#\/schema\/logo\/image\/","url":"https:\/\/tag-der-restaurierung.ch\/wp-content\/uploads\/2022\/06\/SKR-Logo-footer.png","contentUrl":"https:\/\/tag-der-restaurierung.ch\/wp-content\/uploads\/2022\/06\/SKR-Logo-footer.png","width":200,"height":78,"caption":"Schweizer Verband f\u00fcr Konservierung und Restaurierung"},"image":{"@id":"https:\/\/tag-der-restaurierung.ch\/fr\/#\/schema\/logo\/image\/"},"sameAs":["https:\/\/www.facebook.com\/tag.der.restaurierung.ch"]}]}},"_links":{"self":[{"href":"https:\/\/tag-der-restaurierung.ch\/fr\/wp-json\/wp\/v2\/tribe_events\/2679","targetHints":{"allow":["GET"]}}],"collection":[{"href":"https:\/\/tag-der-restaurierung.ch\/fr\/wp-json\/wp\/v2\/tribe_events"}],"about":[{"href":"https:\/\/tag-der-restaurierung.ch\/fr\/wp-json\/wp\/v2\/types\/tribe_events"}],"author":[{"embeddable":true,"href":"https:\/\/tag-der-restaurierung.ch\/fr\/wp-json\/wp\/v2\/users\/76"}],"version-history":[{"count":0,"href":"https:\/\/tag-der-restaurierung.ch\/fr\/wp-json\/wp\/v2\/tribe_events\/2679\/revisions"}],"wp:featuredmedia":[{"embeddable":true,"href":"https:\/\/tag-der-restaurierung.ch\/fr\/wp-json\/wp\/v2\/media\/2693"}],"wp:attachment":[{"href":"https:\/\/tag-der-restaurierung.ch\/fr\/wp-json\/wp\/v2\/media?parent=2679"}],"wp:term":[{"taxonomy":"post_tag","embeddable":true,"href":"https:\/\/tag-der-restaurierung.ch\/fr\/wp-json\/wp\/v2\/tags?post=2679"},{"taxonomy":"tribe_events_cat","embeddable":true,"href":"https:\/\/tag-der-restaurierung.ch\/fr\/wp-json\/wp\/v2\/tribe_events_cat?post=2679"}],"curies":[{"name":"wp","href":"https:\/\/api.w.org\/{rel}","templated":true}]}}