{"id":2365,"date":"2024-09-25T10:34:44","date_gmt":"2024-09-25T08:34:44","guid":{"rendered":"https:\/\/tag-der-restaurierung.ch\/?post_type=tribe_events&#038;p=2365"},"modified":"2024-09-25T10:46:36","modified_gmt":"2024-09-25T08:46:36","slug":"tag-der-offenen-tuer-der-kunstreich-ag-in-ostermundigen","status":"publish","type":"tribe_events","link":"https:\/\/tag-der-restaurierung.ch\/fr\/event\/tag-der-offenen-tuer-der-kunstreich-ag-in-ostermundigen\/","title":{"rendered":"Tag der offenen T\u00fcr der Kunstreich AG in Ostermundigen"},"content":{"rendered":"<p>Am Tag der offenen T\u00fcr der Kunstreich AG am Standort Ostermundigen k\u00f6nnen Sie unsere Werkstatt f\u00fcr Einrahmungen, Rahmenherstellung nach Mass, Vergoldungen und Fassungen sowie nat\u00fcrlich auch f\u00fcr Konservierungen und Restaurierungen besuchen. Auf zwei Etagen zeigen unsere Mitarbeiter:Innen gerne ihre Arbeitspl\u00e4tze, Materialien und Techniken.<\/p>\n<p>Unsere Konservatorin-Restauratorin f\u00fcr Gem\u00e4lde mit einem Master of Arts der Berner Fachhochschule pr\u00e4sentiert zudem anhand ausgew\u00e4hlter Projekte, was eigentlich eine Konservierung ist und was eine gute Restaurierung ausmacht. Sie sind herzlich willkommen!<\/p>\n","protected":false},"excerpt":{"rendered":"<p>Am Tag der offenen T\u00fcr der Kunstreich AG am Standort Ostermundigen k\u00f6nnen Sie unsere Werkstatt f\u00fcr Einrahmungen, Rahmenherstellung nach Mass, Vergoldungen und Fassungen sowie nat\u00fcrlich auch f\u00fcr Konservierungen und Restaurierungen [&hellip;]<\/p>\n","protected":false},"author":44,"featured_media":2371,"template":"","meta":{"_tribe_events_status":"","_tribe_events_status_reason":"","_tribe_events_is_hybrid":"","_tribe_events_is_virtual":"","_tribe_events_virtual_video_source":"","_tribe_events_virtual_embed_video":"","_tribe_events_virtual_linked_button_text":"","_tribe_events_virtual_linked_button":"","_tribe_events_virtual_show_embed_at":"","_tribe_events_virtual_show_embed_to":[],"_tribe_events_virtual_show_on_event":"","_tribe_events_virtual_show_on_views":"","_tribe_events_virtual_url":"","footnotes":""},"tags":[],"tribe_events_cat":[37],"class_list":["post-2365","tribe_events","type-tribe_events","status-publish","has-post-thumbnail","hentry","tribe_events_cat-offenetueren","cat_offenetueren"],"yoast_head":"<!-- This site is optimized with the Yoast SEO plugin v27.3 - https:\/\/yoast.com\/product\/yoast-seo-wordpress\/ -->\n<title>Tag der offenen T\u00fcr der Kunstreich AG in Ostermundigen - Europ\u00e4ischer Tag der Restaurierung \/ Journ\u00e9e europ\u00e9enne de la conservation-restauration \/ Giornata Europea del Restauro<\/title>\n<meta name=\"robots\" content=\"index, follow, max-snippet:-1, max-image-preview:large, max-video-preview:-1\" \/>\n<link rel=\"canonical\" href=\"https:\/\/tag-der-restaurierung.ch\/fr\/event\/tag-der-offenen-tuer-der-kunstreich-ag-in-ostermundigen\/\" \/>\n<meta property=\"og:locale\" content=\"fr_FR\" \/>\n<meta property=\"og:type\" content=\"article\" \/>\n<meta property=\"og:title\" content=\"Tag der offenen T\u00fcr der Kunstreich AG in Ostermundigen - Europ\u00e4ischer Tag der Restaurierung \/ Journ\u00e9e europ\u00e9enne de la conservation-restauration \/ Giornata Europea del Restauro\" \/>\n<meta property=\"og:description\" content=\"Am Tag der offenen T\u00fcr der Kunstreich AG am Standort Ostermundigen k\u00f6nnen Sie unsere Werkstatt f\u00fcr Einrahmungen, Rahmenherstellung nach Mass, Vergoldungen und Fassungen sowie nat\u00fcrlich auch f\u00fcr Konservierungen und Restaurierungen [&hellip;]\" \/>\n<meta property=\"og:url\" content=\"https:\/\/tag-der-restaurierung.ch\/fr\/event\/tag-der-offenen-tuer-der-kunstreich-ag-in-ostermundigen\/\" \/>\n<meta property=\"og:site_name\" content=\"Europ\u00e4ischer Tag der Restaurierung \/ Journ\u00e9e europ\u00e9enne de la conservation-restauration \/ Giornata Europea del Restauro\" \/>\n<meta property=\"article:publisher\" content=\"https:\/\/www.facebook.com\/tag.der.restaurierung.ch\" \/>\n<meta property=\"article:modified_time\" content=\"2024-09-25T08:46:36+00:00\" \/>\n<meta property=\"og:image\" content=\"https:\/\/tag-der-restaurierung.ch\/wp-content\/uploads\/2024\/09\/image001-scaled.jpg\" \/>\n\t<meta property=\"og:image:width\" content=\"1920\" \/>\n\t<meta property=\"og:image:height\" content=\"2560\" \/>\n\t<meta property=\"og:image:type\" content=\"image\/jpeg\" \/>\n<meta name=\"twitter:card\" content=\"summary_large_image\" \/>\n<meta name=\"twitter:label1\" content=\"Dur\u00e9e de lecture estim\u00e9e\" \/>\n\t<meta name=\"twitter:data1\" content=\"1 minute\" \/>\n<script type=\"application\/ld+json\" class=\"yoast-schema-graph\">{\"@context\":\"https:\\\/\\\/schema.org\",\"@graph\":[{\"@type\":\"WebPage\",\"@id\":\"https:\\\/\\\/tag-der-restaurierung.ch\\\/fr\\\/event\\\/tag-der-offenen-tuer-der-kunstreich-ag-in-ostermundigen\\\/\",\"url\":\"https:\\\/\\\/tag-der-restaurierung.ch\\\/fr\\\/event\\\/tag-der-offenen-tuer-der-kunstreich-ag-in-ostermundigen\\\/\",\"name\":\"Tag der offenen T\u00fcr der Kunstreich AG in Ostermundigen - Europ\u00e4ischer Tag der Restaurierung \\\/ Journ\u00e9e europ\u00e9enne de la conservation-restauration \\\/ Giornata Europea del Restauro\",\"isPartOf\":{\"@id\":\"https:\\\/\\\/tag-der-restaurierung.ch\\\/fr\\\/#website\"},\"primaryImageOfPage\":{\"@id\":\"https:\\\/\\\/tag-der-restaurierung.ch\\\/fr\\\/event\\\/tag-der-offenen-tuer-der-kunstreich-ag-in-ostermundigen\\\/#primaryimage\"},\"image\":{\"@id\":\"https:\\\/\\\/tag-der-restaurierung.ch\\\/fr\\\/event\\\/tag-der-offenen-tuer-der-kunstreich-ag-in-ostermundigen\\\/#primaryimage\"},\"thumbnailUrl\":\"https:\\\/\\\/tag-der-restaurierung.ch\\\/wp-content\\\/uploads\\\/2024\\\/09\\\/image001-scaled.jpg\",\"datePublished\":\"2024-09-25T08:34:44+00:00\",\"dateModified\":\"2024-09-25T08:46:36+00:00\",\"breadcrumb\":{\"@id\":\"https:\\\/\\\/tag-der-restaurierung.ch\\\/fr\\\/event\\\/tag-der-offenen-tuer-der-kunstreich-ag-in-ostermundigen\\\/#breadcrumb\"},\"inLanguage\":\"fr-FR\",\"potentialAction\":[{\"@type\":\"ReadAction\",\"target\":[\"https:\\\/\\\/tag-der-restaurierung.ch\\\/fr\\\/event\\\/tag-der-offenen-tuer-der-kunstreich-ag-in-ostermundigen\\\/\"]}]},{\"@type\":\"ImageObject\",\"inLanguage\":\"fr-FR\",\"@id\":\"https:\\\/\\\/tag-der-restaurierung.ch\\\/fr\\\/event\\\/tag-der-offenen-tuer-der-kunstreich-ag-in-ostermundigen\\\/#primaryimage\",\"url\":\"https:\\\/\\\/tag-der-restaurierung.ch\\\/wp-content\\\/uploads\\\/2024\\\/09\\\/image001-scaled.jpg\",\"contentUrl\":\"https:\\\/\\\/tag-der-restaurierung.ch\\\/wp-content\\\/uploads\\\/2024\\\/09\\\/image001-scaled.jpg\",\"width\":1920,\"height\":2560},{\"@type\":\"BreadcrumbList\",\"@id\":\"https:\\\/\\\/tag-der-restaurierung.ch\\\/fr\\\/event\\\/tag-der-offenen-tuer-der-kunstreich-ag-in-ostermundigen\\\/#breadcrumb\",\"itemListElement\":[{\"@type\":\"ListItem\",\"position\":1,\"name\":\"Startseite\",\"item\":\"https:\\\/\\\/tag-der-restaurierung.ch\\\/fr\\\/home\\\/\"},{\"@type\":\"ListItem\",\"position\":2,\"name\":\"\u00c9v\u00e8nements\",\"item\":\"https:\\\/\\\/tag-der-restaurierung.ch\\\/fr\\\/events\\\/\"},{\"@type\":\"ListItem\",\"position\":3,\"name\":\"Tag der offenen T\u00fcr der Kunstreich AG in Ostermundigen\"}]},{\"@type\":\"WebSite\",\"@id\":\"https:\\\/\\\/tag-der-restaurierung.ch\\\/fr\\\/#website\",\"url\":\"https:\\\/\\\/tag-der-restaurierung.ch\\\/fr\\\/\",\"name\":\"Europ\u00e4ischer Tag der Restaurierung \\\/ Journ\u00e9e europ\u00e9enne de la conservation-restauration \\\/ Giornata Europea del Restauro\",\"description\":\"am 18. Oktober 2026 in der Schweiz\",\"publisher\":{\"@id\":\"https:\\\/\\\/tag-der-restaurierung.ch\\\/fr\\\/#organization\"},\"potentialAction\":[{\"@type\":\"SearchAction\",\"target\":{\"@type\":\"EntryPoint\",\"urlTemplate\":\"https:\\\/\\\/tag-der-restaurierung.ch\\\/fr\\\/?s={search_term_string}\"},\"query-input\":{\"@type\":\"PropertyValueSpecification\",\"valueRequired\":true,\"valueName\":\"search_term_string\"}}],\"inLanguage\":\"fr-FR\"},{\"@type\":\"Organization\",\"@id\":\"https:\\\/\\\/tag-der-restaurierung.ch\\\/fr\\\/#organization\",\"name\":\"Schweizer Verband f\u00fcr Konservierung und Restaurierung\",\"url\":\"https:\\\/\\\/tag-der-restaurierung.ch\\\/fr\\\/\",\"logo\":{\"@type\":\"ImageObject\",\"inLanguage\":\"fr-FR\",\"@id\":\"https:\\\/\\\/tag-der-restaurierung.ch\\\/fr\\\/#\\\/schema\\\/logo\\\/image\\\/\",\"url\":\"https:\\\/\\\/tag-der-restaurierung.ch\\\/wp-content\\\/uploads\\\/2022\\\/06\\\/SKR-Logo-footer.png\",\"contentUrl\":\"https:\\\/\\\/tag-der-restaurierung.ch\\\/wp-content\\\/uploads\\\/2022\\\/06\\\/SKR-Logo-footer.png\",\"width\":200,\"height\":78,\"caption\":\"Schweizer Verband f\u00fcr Konservierung und Restaurierung\"},\"image\":{\"@id\":\"https:\\\/\\\/tag-der-restaurierung.ch\\\/fr\\\/#\\\/schema\\\/logo\\\/image\\\/\"},\"sameAs\":[\"https:\\\/\\\/www.facebook.com\\\/tag.der.restaurierung.ch\"]}]}<\/script>\n<!-- \/ Yoast SEO plugin. -->","yoast_head_json":{"title":"Tag der offenen T\u00fcr der Kunstreich AG in Ostermundigen - Europ\u00e4ischer Tag der Restaurierung \/ Journ\u00e9e europ\u00e9enne de la conservation-restauration \/ Giornata Europea del Restauro","robots":{"index":"index","follow":"follow","max-snippet":"max-snippet:-1","max-image-preview":"max-image-preview:large","max-video-preview":"max-video-preview:-1"},"canonical":"https:\/\/tag-der-restaurierung.ch\/fr\/event\/tag-der-offenen-tuer-der-kunstreich-ag-in-ostermundigen\/","og_locale":"fr_FR","og_type":"article","og_title":"Tag der offenen T\u00fcr der Kunstreich AG in Ostermundigen - Europ\u00e4ischer Tag der Restaurierung \/ Journ\u00e9e europ\u00e9enne de la conservation-restauration \/ Giornata Europea del Restauro","og_description":"Am Tag der offenen T\u00fcr der Kunstreich AG am Standort Ostermundigen k\u00f6nnen Sie unsere Werkstatt f\u00fcr Einrahmungen, Rahmenherstellung nach Mass, Vergoldungen und Fassungen sowie nat\u00fcrlich auch f\u00fcr Konservierungen und Restaurierungen [&hellip;]","og_url":"https:\/\/tag-der-restaurierung.ch\/fr\/event\/tag-der-offenen-tuer-der-kunstreich-ag-in-ostermundigen\/","og_site_name":"Europ\u00e4ischer Tag der Restaurierung \/ Journ\u00e9e europ\u00e9enne de la conservation-restauration \/ Giornata Europea del Restauro","article_publisher":"https:\/\/www.facebook.com\/tag.der.restaurierung.ch","article_modified_time":"2024-09-25T08:46:36+00:00","og_image":[{"width":1920,"height":2560,"url":"https:\/\/tag-der-restaurierung.ch\/wp-content\/uploads\/2024\/09\/image001-scaled.jpg","type":"image\/jpeg"}],"twitter_card":"summary_large_image","twitter_misc":{"Dur\u00e9e de lecture estim\u00e9e":"1 minute"},"schema":{"@context":"https:\/\/schema.org","@graph":[{"@type":"WebPage","@id":"https:\/\/tag-der-restaurierung.ch\/fr\/event\/tag-der-offenen-tuer-der-kunstreich-ag-in-ostermundigen\/","url":"https:\/\/tag-der-restaurierung.ch\/fr\/event\/tag-der-offenen-tuer-der-kunstreich-ag-in-ostermundigen\/","name":"Tag der offenen T\u00fcr der Kunstreich AG in Ostermundigen - Europ\u00e4ischer Tag der Restaurierung \/ Journ\u00e9e europ\u00e9enne de la conservation-restauration \/ Giornata Europea del Restauro","isPartOf":{"@id":"https:\/\/tag-der-restaurierung.ch\/fr\/#website"},"primaryImageOfPage":{"@id":"https:\/\/tag-der-restaurierung.ch\/fr\/event\/tag-der-offenen-tuer-der-kunstreich-ag-in-ostermundigen\/#primaryimage"},"image":{"@id":"https:\/\/tag-der-restaurierung.ch\/fr\/event\/tag-der-offenen-tuer-der-kunstreich-ag-in-ostermundigen\/#primaryimage"},"thumbnailUrl":"https:\/\/tag-der-restaurierung.ch\/wp-content\/uploads\/2024\/09\/image001-scaled.jpg","datePublished":"2024-09-25T08:34:44+00:00","dateModified":"2024-09-25T08:46:36+00:00","breadcrumb":{"@id":"https:\/\/tag-der-restaurierung.ch\/fr\/event\/tag-der-offenen-tuer-der-kunstreich-ag-in-ostermundigen\/#breadcrumb"},"inLanguage":"fr-FR","potentialAction":[{"@type":"ReadAction","target":["https:\/\/tag-der-restaurierung.ch\/fr\/event\/tag-der-offenen-tuer-der-kunstreich-ag-in-ostermundigen\/"]}]},{"@type":"ImageObject","inLanguage":"fr-FR","@id":"https:\/\/tag-der-restaurierung.ch\/fr\/event\/tag-der-offenen-tuer-der-kunstreich-ag-in-ostermundigen\/#primaryimage","url":"https:\/\/tag-der-restaurierung.ch\/wp-content\/uploads\/2024\/09\/image001-scaled.jpg","contentUrl":"https:\/\/tag-der-restaurierung.ch\/wp-content\/uploads\/2024\/09\/image001-scaled.jpg","width":1920,"height":2560},{"@type":"BreadcrumbList","@id":"https:\/\/tag-der-restaurierung.ch\/fr\/event\/tag-der-offenen-tuer-der-kunstreich-ag-in-ostermundigen\/#breadcrumb","itemListElement":[{"@type":"ListItem","position":1,"name":"Startseite","item":"https:\/\/tag-der-restaurierung.ch\/fr\/home\/"},{"@type":"ListItem","position":2,"name":"\u00c9v\u00e8nements","item":"https:\/\/tag-der-restaurierung.ch\/fr\/events\/"},{"@type":"ListItem","position":3,"name":"Tag der offenen T\u00fcr der Kunstreich AG in Ostermundigen"}]},{"@type":"WebSite","@id":"https:\/\/tag-der-restaurierung.ch\/fr\/#website","url":"https:\/\/tag-der-restaurierung.ch\/fr\/","name":"Europ\u00e4ischer Tag der Restaurierung \/ Journ\u00e9e europ\u00e9enne de la conservation-restauration \/ Giornata Europea del Restauro","description":"am 18. Oktober 2026 in der Schweiz","publisher":{"@id":"https:\/\/tag-der-restaurierung.ch\/fr\/#organization"},"potentialAction":[{"@type":"SearchAction","target":{"@type":"EntryPoint","urlTemplate":"https:\/\/tag-der-restaurierung.ch\/fr\/?s={search_term_string}"},"query-input":{"@type":"PropertyValueSpecification","valueRequired":true,"valueName":"search_term_string"}}],"inLanguage":"fr-FR"},{"@type":"Organization","@id":"https:\/\/tag-der-restaurierung.ch\/fr\/#organization","name":"Schweizer Verband f\u00fcr Konservierung und Restaurierung","url":"https:\/\/tag-der-restaurierung.ch\/fr\/","logo":{"@type":"ImageObject","inLanguage":"fr-FR","@id":"https:\/\/tag-der-restaurierung.ch\/fr\/#\/schema\/logo\/image\/","url":"https:\/\/tag-der-restaurierung.ch\/wp-content\/uploads\/2022\/06\/SKR-Logo-footer.png","contentUrl":"https:\/\/tag-der-restaurierung.ch\/wp-content\/uploads\/2022\/06\/SKR-Logo-footer.png","width":200,"height":78,"caption":"Schweizer Verband f\u00fcr Konservierung und Restaurierung"},"image":{"@id":"https:\/\/tag-der-restaurierung.ch\/fr\/#\/schema\/logo\/image\/"},"sameAs":["https:\/\/www.facebook.com\/tag.der.restaurierung.ch"]}]}},"_links":{"self":[{"href":"https:\/\/tag-der-restaurierung.ch\/fr\/wp-json\/wp\/v2\/tribe_events\/2365","targetHints":{"allow":["GET"]}}],"collection":[{"href":"https:\/\/tag-der-restaurierung.ch\/fr\/wp-json\/wp\/v2\/tribe_events"}],"about":[{"href":"https:\/\/tag-der-restaurierung.ch\/fr\/wp-json\/wp\/v2\/types\/tribe_events"}],"author":[{"embeddable":true,"href":"https:\/\/tag-der-restaurierung.ch\/fr\/wp-json\/wp\/v2\/users\/44"}],"version-history":[{"count":0,"href":"https:\/\/tag-der-restaurierung.ch\/fr\/wp-json\/wp\/v2\/tribe_events\/2365\/revisions"}],"wp:featuredmedia":[{"embeddable":true,"href":"https:\/\/tag-der-restaurierung.ch\/fr\/wp-json\/wp\/v2\/media\/2371"}],"wp:attachment":[{"href":"https:\/\/tag-der-restaurierung.ch\/fr\/wp-json\/wp\/v2\/media?parent=2365"}],"wp:term":[{"taxonomy":"post_tag","embeddable":true,"href":"https:\/\/tag-der-restaurierung.ch\/fr\/wp-json\/wp\/v2\/tags?post=2365"},{"taxonomy":"tribe_events_cat","embeddable":true,"href":"https:\/\/tag-der-restaurierung.ch\/fr\/wp-json\/wp\/v2\/tribe_events_cat?post=2365"}],"curies":[{"name":"wp","href":"https:\/\/api.w.org\/{rel}","templated":true}]}}