{"id":2115,"date":"2024-08-07T10:13:43","date_gmt":"2024-08-07T08:13:43","guid":{"rendered":"https:\/\/tag-der-restaurierung.ch\/?post_type=tribe_events&#038;p=2115"},"modified":"2025-08-06T10:36:45","modified_gmt":"2025-08-06T08:36:45","slug":"konservierung-restaurierung-von-kunst-im-oeffentlichen-raum","status":"publish","type":"tribe_events","link":"https:\/\/tag-der-restaurierung.ch\/fr\/event\/konservierung-restaurierung-von-kunst-im-oeffentlichen-raum\/","title":{"rendered":"Konservierung-Restaurierung von Kunst im \u00f6ffentlichen Raum"},"content":{"rendered":"<p>Welche \u00dcberlegungen spielen bei der Konservierung von Kunst im \u00f6ffentlichen Raum in Z\u00fcrich eine Rolle?<br \/>\nSoll alles erhalten werden, was in der Vergangenheit als Kunst im \u00f6ffentlichen Raum installiert worden ist?<br \/>\nWas geschieht, wenn st\u00e4dtische R\u00e4ume sich entwickeln und Kunstwerke neu platziert werden m\u00fcssen?<\/p>\n<p>Im <a href=\"https:\/\/www.stadt-zuerich.ch\/ted\/de\/index\/oeffentlicher_raum\/kunst_oeffentlicher_raum\/ueber_kioer\/leitbild.html\">Leitbild<\/a> der Fachstelle f\u00fcr Kunst im \u00f6ffentlichenRaum (Ki\u00f6R) Stadt Z\u00fcrich steht die Interaktion von Kunst mit ihrem Umfeld im Fokus. Welche Kunstwerke sind nach diesem Kriterium zeitgem\u00e4ss?<\/p>\n<p>Die Besucher*innen der Veranstaltung werden von <a href=\"https:\/\/vierakucera.jimdofree.com\/projektbeispiele\/\">Viera Ku\u010dera<\/a> (ausgebildete K\u00fcnstlerin und Restauratorin) und Karoliina Elmer (Kunsthistorikerin und seit 2019 Projektleiterin bei Ki\u00f6R) zu einem Dialog eingeladen.<\/p>\n<p>Als Ausgangslage zur Diskussion dient uns die Plastik von O.C. B\u00e4nninger von 1964, die vor dem Opernhaus Z\u00fcrich steht.<\/p>\n<p>Treffpunkt ist die Treppe vor dem Opernhaus Z\u00fcrich.<\/p>\n<p>Photo Credits: Peter Baracchi<\/p>\n","protected":false},"excerpt":{"rendered":"<p>Welche \u00dcberlegungen spielen bei der Konservierung von Kunst im \u00f6ffentlichen Raum in Z\u00fcrich eine Rolle? Soll alles erhalten werden, was in der Vergangenheit als Kunst im \u00f6ffentlichen Raum installiert worden [&hellip;]<\/p>\n","protected":false},"author":52,"featured_media":2116,"template":"","meta":{"_tribe_events_status":"","_tribe_events_status_reason":"","_tribe_events_is_hybrid":"","_tribe_events_is_virtual":"","_tribe_events_virtual_video_source":"","_tribe_events_virtual_embed_video":"","_tribe_events_virtual_linked_button_text":"","_tribe_events_virtual_linked_button":"","_tribe_events_virtual_show_embed_at":"","_tribe_events_virtual_show_embed_to":[],"_tribe_events_virtual_show_on_event":"","_tribe_events_virtual_show_on_views":"","_tribe_events_virtual_url":"","footnotes":""},"tags":[48],"tribe_events_cat":[40,58,41],"class_list":["post-2115","tribe_events","type-tribe_events","status-publish","has-post-thumbnail","hentry","tag-restaurator-in","tribe_events_cat-fuehrung","tribe_events_cat-erwachseneundkinder","tribe_events_cat-mitmachen","cat_fuehrung","cat_erwachseneundkinder","cat_mitmachen"],"yoast_head":"<!-- This site is optimized with the Yoast SEO plugin v27.3 - https:\/\/yoast.com\/product\/yoast-seo-wordpress\/ -->\n<title>Konservierung-Restaurierung von Kunst im \u00f6ffentlichen Raum - Europ\u00e4ischer Tag der Restaurierung \/ Journ\u00e9e europ\u00e9enne de la conservation-restauration \/ Giornata Europea del Restauro<\/title>\n<meta name=\"robots\" content=\"index, follow, max-snippet:-1, max-image-preview:large, max-video-preview:-1\" \/>\n<link rel=\"canonical\" href=\"https:\/\/tag-der-restaurierung.ch\/fr\/event\/konservierung-restaurierung-von-kunst-im-oeffentlichen-raum\/\" \/>\n<meta property=\"og:locale\" content=\"fr_FR\" \/>\n<meta property=\"og:type\" content=\"article\" \/>\n<meta property=\"og:title\" content=\"Konservierung-Restaurierung von Kunst im \u00f6ffentlichen Raum - Europ\u00e4ischer Tag der Restaurierung \/ Journ\u00e9e europ\u00e9enne de la conservation-restauration \/ Giornata Europea del Restauro\" \/>\n<meta property=\"og:description\" content=\"Welche \u00dcberlegungen spielen bei der Konservierung von Kunst im \u00f6ffentlichen Raum in Z\u00fcrich eine Rolle? Soll alles erhalten werden, was in der Vergangenheit als Kunst im \u00f6ffentlichen Raum installiert worden [&hellip;]\" \/>\n<meta property=\"og:url\" content=\"https:\/\/tag-der-restaurierung.ch\/fr\/event\/konservierung-restaurierung-von-kunst-im-oeffentlichen-raum\/\" \/>\n<meta property=\"og:site_name\" content=\"Europ\u00e4ischer Tag der Restaurierung \/ Journ\u00e9e europ\u00e9enne de la conservation-restauration \/ Giornata Europea del Restauro\" \/>\n<meta property=\"article:publisher\" content=\"https:\/\/www.facebook.com\/tag.der.restaurierung.ch\" \/>\n<meta property=\"article:modified_time\" content=\"2025-08-06T08:36:45+00:00\" \/>\n<meta property=\"og:image\" content=\"https:\/\/tag-der-restaurierung.ch\/wp-content\/uploads\/2024\/07\/Schreitende_Tagesanzeiger.jpg\" \/>\n\t<meta property=\"og:image:width\" content=\"1280\" \/>\n\t<meta property=\"og:image:height\" content=\"1600\" \/>\n\t<meta property=\"og:image:type\" content=\"image\/jpeg\" \/>\n<meta name=\"twitter:card\" content=\"summary_large_image\" \/>\n<meta name=\"twitter:label1\" content=\"Dur\u00e9e de lecture estim\u00e9e\" \/>\n\t<meta name=\"twitter:data1\" content=\"1 minute\" \/>\n<script type=\"application\/ld+json\" class=\"yoast-schema-graph\">{\"@context\":\"https:\\\/\\\/schema.org\",\"@graph\":[{\"@type\":\"WebPage\",\"@id\":\"https:\\\/\\\/tag-der-restaurierung.ch\\\/fr\\\/event\\\/konservierung-restaurierung-von-kunst-im-oeffentlichen-raum\\\/\",\"url\":\"https:\\\/\\\/tag-der-restaurierung.ch\\\/fr\\\/event\\\/konservierung-restaurierung-von-kunst-im-oeffentlichen-raum\\\/\",\"name\":\"Konservierung-Restaurierung von Kunst im \u00f6ffentlichen Raum - Europ\u00e4ischer Tag der Restaurierung \\\/ Journ\u00e9e europ\u00e9enne de la conservation-restauration \\\/ Giornata Europea del Restauro\",\"isPartOf\":{\"@id\":\"https:\\\/\\\/tag-der-restaurierung.ch\\\/fr\\\/#website\"},\"primaryImageOfPage\":{\"@id\":\"https:\\\/\\\/tag-der-restaurierung.ch\\\/fr\\\/event\\\/konservierung-restaurierung-von-kunst-im-oeffentlichen-raum\\\/#primaryimage\"},\"image\":{\"@id\":\"https:\\\/\\\/tag-der-restaurierung.ch\\\/fr\\\/event\\\/konservierung-restaurierung-von-kunst-im-oeffentlichen-raum\\\/#primaryimage\"},\"thumbnailUrl\":\"https:\\\/\\\/tag-der-restaurierung.ch\\\/wp-content\\\/uploads\\\/2024\\\/07\\\/Schreitende_Tagesanzeiger.jpg\",\"datePublished\":\"2024-08-07T08:13:43+00:00\",\"dateModified\":\"2025-08-06T08:36:45+00:00\",\"breadcrumb\":{\"@id\":\"https:\\\/\\\/tag-der-restaurierung.ch\\\/fr\\\/event\\\/konservierung-restaurierung-von-kunst-im-oeffentlichen-raum\\\/#breadcrumb\"},\"inLanguage\":\"fr-FR\",\"potentialAction\":[{\"@type\":\"ReadAction\",\"target\":[\"https:\\\/\\\/tag-der-restaurierung.ch\\\/fr\\\/event\\\/konservierung-restaurierung-von-kunst-im-oeffentlichen-raum\\\/\"]}]},{\"@type\":\"ImageObject\",\"inLanguage\":\"fr-FR\",\"@id\":\"https:\\\/\\\/tag-der-restaurierung.ch\\\/fr\\\/event\\\/konservierung-restaurierung-von-kunst-im-oeffentlichen-raum\\\/#primaryimage\",\"url\":\"https:\\\/\\\/tag-der-restaurierung.ch\\\/wp-content\\\/uploads\\\/2024\\\/07\\\/Schreitende_Tagesanzeiger.jpg\",\"contentUrl\":\"https:\\\/\\\/tag-der-restaurierung.ch\\\/wp-content\\\/uploads\\\/2024\\\/07\\\/Schreitende_Tagesanzeiger.jpg\",\"width\":1280,\"height\":1600,\"caption\":\"(C) Peter Baracchi\"},{\"@type\":\"BreadcrumbList\",\"@id\":\"https:\\\/\\\/tag-der-restaurierung.ch\\\/fr\\\/event\\\/konservierung-restaurierung-von-kunst-im-oeffentlichen-raum\\\/#breadcrumb\",\"itemListElement\":[{\"@type\":\"ListItem\",\"position\":1,\"name\":\"Startseite\",\"item\":\"https:\\\/\\\/tag-der-restaurierung.ch\\\/fr\\\/home\\\/\"},{\"@type\":\"ListItem\",\"position\":2,\"name\":\"\u00c9v\u00e8nements\",\"item\":\"https:\\\/\\\/tag-der-restaurierung.ch\\\/fr\\\/events\\\/\"},{\"@type\":\"ListItem\",\"position\":3,\"name\":\"Konservierung-Restaurierung von Kunst im \u00f6ffentlichen Raum\"}]},{\"@type\":\"WebSite\",\"@id\":\"https:\\\/\\\/tag-der-restaurierung.ch\\\/fr\\\/#website\",\"url\":\"https:\\\/\\\/tag-der-restaurierung.ch\\\/fr\\\/\",\"name\":\"Europ\u00e4ischer Tag der Restaurierung \\\/ Journ\u00e9e europ\u00e9enne de la conservation-restauration \\\/ Giornata Europea del Restauro\",\"description\":\"am 18. Oktober 2026 in der Schweiz\",\"publisher\":{\"@id\":\"https:\\\/\\\/tag-der-restaurierung.ch\\\/fr\\\/#organization\"},\"potentialAction\":[{\"@type\":\"SearchAction\",\"target\":{\"@type\":\"EntryPoint\",\"urlTemplate\":\"https:\\\/\\\/tag-der-restaurierung.ch\\\/fr\\\/?s={search_term_string}\"},\"query-input\":{\"@type\":\"PropertyValueSpecification\",\"valueRequired\":true,\"valueName\":\"search_term_string\"}}],\"inLanguage\":\"fr-FR\"},{\"@type\":\"Organization\",\"@id\":\"https:\\\/\\\/tag-der-restaurierung.ch\\\/fr\\\/#organization\",\"name\":\"Schweizer Verband f\u00fcr Konservierung und Restaurierung\",\"url\":\"https:\\\/\\\/tag-der-restaurierung.ch\\\/fr\\\/\",\"logo\":{\"@type\":\"ImageObject\",\"inLanguage\":\"fr-FR\",\"@id\":\"https:\\\/\\\/tag-der-restaurierung.ch\\\/fr\\\/#\\\/schema\\\/logo\\\/image\\\/\",\"url\":\"https:\\\/\\\/tag-der-restaurierung.ch\\\/wp-content\\\/uploads\\\/2022\\\/06\\\/SKR-Logo-footer.png\",\"contentUrl\":\"https:\\\/\\\/tag-der-restaurierung.ch\\\/wp-content\\\/uploads\\\/2022\\\/06\\\/SKR-Logo-footer.png\",\"width\":200,\"height\":78,\"caption\":\"Schweizer Verband f\u00fcr Konservierung und Restaurierung\"},\"image\":{\"@id\":\"https:\\\/\\\/tag-der-restaurierung.ch\\\/fr\\\/#\\\/schema\\\/logo\\\/image\\\/\"},\"sameAs\":[\"https:\\\/\\\/www.facebook.com\\\/tag.der.restaurierung.ch\"]}]}<\/script>\n<!-- \/ Yoast SEO plugin. -->","yoast_head_json":{"title":"Konservierung-Restaurierung von Kunst im \u00f6ffentlichen Raum - Europ\u00e4ischer Tag der Restaurierung \/ Journ\u00e9e europ\u00e9enne de la conservation-restauration \/ Giornata Europea del Restauro","robots":{"index":"index","follow":"follow","max-snippet":"max-snippet:-1","max-image-preview":"max-image-preview:large","max-video-preview":"max-video-preview:-1"},"canonical":"https:\/\/tag-der-restaurierung.ch\/fr\/event\/konservierung-restaurierung-von-kunst-im-oeffentlichen-raum\/","og_locale":"fr_FR","og_type":"article","og_title":"Konservierung-Restaurierung von Kunst im \u00f6ffentlichen Raum - Europ\u00e4ischer Tag der Restaurierung \/ Journ\u00e9e europ\u00e9enne de la conservation-restauration \/ Giornata Europea del Restauro","og_description":"Welche \u00dcberlegungen spielen bei der Konservierung von Kunst im \u00f6ffentlichen Raum in Z\u00fcrich eine Rolle? Soll alles erhalten werden, was in der Vergangenheit als Kunst im \u00f6ffentlichen Raum installiert worden [&hellip;]","og_url":"https:\/\/tag-der-restaurierung.ch\/fr\/event\/konservierung-restaurierung-von-kunst-im-oeffentlichen-raum\/","og_site_name":"Europ\u00e4ischer Tag der Restaurierung \/ Journ\u00e9e europ\u00e9enne de la conservation-restauration \/ Giornata Europea del Restauro","article_publisher":"https:\/\/www.facebook.com\/tag.der.restaurierung.ch","article_modified_time":"2025-08-06T08:36:45+00:00","og_image":[{"width":1280,"height":1600,"url":"https:\/\/tag-der-restaurierung.ch\/wp-content\/uploads\/2024\/07\/Schreitende_Tagesanzeiger.jpg","type":"image\/jpeg"}],"twitter_card":"summary_large_image","twitter_misc":{"Dur\u00e9e de lecture estim\u00e9e":"1 minute"},"schema":{"@context":"https:\/\/schema.org","@graph":[{"@type":"WebPage","@id":"https:\/\/tag-der-restaurierung.ch\/fr\/event\/konservierung-restaurierung-von-kunst-im-oeffentlichen-raum\/","url":"https:\/\/tag-der-restaurierung.ch\/fr\/event\/konservierung-restaurierung-von-kunst-im-oeffentlichen-raum\/","name":"Konservierung-Restaurierung von Kunst im \u00f6ffentlichen Raum - Europ\u00e4ischer Tag der Restaurierung \/ Journ\u00e9e europ\u00e9enne de la conservation-restauration \/ Giornata Europea del Restauro","isPartOf":{"@id":"https:\/\/tag-der-restaurierung.ch\/fr\/#website"},"primaryImageOfPage":{"@id":"https:\/\/tag-der-restaurierung.ch\/fr\/event\/konservierung-restaurierung-von-kunst-im-oeffentlichen-raum\/#primaryimage"},"image":{"@id":"https:\/\/tag-der-restaurierung.ch\/fr\/event\/konservierung-restaurierung-von-kunst-im-oeffentlichen-raum\/#primaryimage"},"thumbnailUrl":"https:\/\/tag-der-restaurierung.ch\/wp-content\/uploads\/2024\/07\/Schreitende_Tagesanzeiger.jpg","datePublished":"2024-08-07T08:13:43+00:00","dateModified":"2025-08-06T08:36:45+00:00","breadcrumb":{"@id":"https:\/\/tag-der-restaurierung.ch\/fr\/event\/konservierung-restaurierung-von-kunst-im-oeffentlichen-raum\/#breadcrumb"},"inLanguage":"fr-FR","potentialAction":[{"@type":"ReadAction","target":["https:\/\/tag-der-restaurierung.ch\/fr\/event\/konservierung-restaurierung-von-kunst-im-oeffentlichen-raum\/"]}]},{"@type":"ImageObject","inLanguage":"fr-FR","@id":"https:\/\/tag-der-restaurierung.ch\/fr\/event\/konservierung-restaurierung-von-kunst-im-oeffentlichen-raum\/#primaryimage","url":"https:\/\/tag-der-restaurierung.ch\/wp-content\/uploads\/2024\/07\/Schreitende_Tagesanzeiger.jpg","contentUrl":"https:\/\/tag-der-restaurierung.ch\/wp-content\/uploads\/2024\/07\/Schreitende_Tagesanzeiger.jpg","width":1280,"height":1600,"caption":"(C) Peter Baracchi"},{"@type":"BreadcrumbList","@id":"https:\/\/tag-der-restaurierung.ch\/fr\/event\/konservierung-restaurierung-von-kunst-im-oeffentlichen-raum\/#breadcrumb","itemListElement":[{"@type":"ListItem","position":1,"name":"Startseite","item":"https:\/\/tag-der-restaurierung.ch\/fr\/home\/"},{"@type":"ListItem","position":2,"name":"\u00c9v\u00e8nements","item":"https:\/\/tag-der-restaurierung.ch\/fr\/events\/"},{"@type":"ListItem","position":3,"name":"Konservierung-Restaurierung von Kunst im \u00f6ffentlichen Raum"}]},{"@type":"WebSite","@id":"https:\/\/tag-der-restaurierung.ch\/fr\/#website","url":"https:\/\/tag-der-restaurierung.ch\/fr\/","name":"Europ\u00e4ischer Tag der Restaurierung \/ Journ\u00e9e europ\u00e9enne de la conservation-restauration \/ Giornata Europea del Restauro","description":"am 18. Oktober 2026 in der Schweiz","publisher":{"@id":"https:\/\/tag-der-restaurierung.ch\/fr\/#organization"},"potentialAction":[{"@type":"SearchAction","target":{"@type":"EntryPoint","urlTemplate":"https:\/\/tag-der-restaurierung.ch\/fr\/?s={search_term_string}"},"query-input":{"@type":"PropertyValueSpecification","valueRequired":true,"valueName":"search_term_string"}}],"inLanguage":"fr-FR"},{"@type":"Organization","@id":"https:\/\/tag-der-restaurierung.ch\/fr\/#organization","name":"Schweizer Verband f\u00fcr Konservierung und Restaurierung","url":"https:\/\/tag-der-restaurierung.ch\/fr\/","logo":{"@type":"ImageObject","inLanguage":"fr-FR","@id":"https:\/\/tag-der-restaurierung.ch\/fr\/#\/schema\/logo\/image\/","url":"https:\/\/tag-der-restaurierung.ch\/wp-content\/uploads\/2022\/06\/SKR-Logo-footer.png","contentUrl":"https:\/\/tag-der-restaurierung.ch\/wp-content\/uploads\/2022\/06\/SKR-Logo-footer.png","width":200,"height":78,"caption":"Schweizer Verband f\u00fcr Konservierung und Restaurierung"},"image":{"@id":"https:\/\/tag-der-restaurierung.ch\/fr\/#\/schema\/logo\/image\/"},"sameAs":["https:\/\/www.facebook.com\/tag.der.restaurierung.ch"]}]}},"_links":{"self":[{"href":"https:\/\/tag-der-restaurierung.ch\/fr\/wp-json\/wp\/v2\/tribe_events\/2115","targetHints":{"allow":["GET"]}}],"collection":[{"href":"https:\/\/tag-der-restaurierung.ch\/fr\/wp-json\/wp\/v2\/tribe_events"}],"about":[{"href":"https:\/\/tag-der-restaurierung.ch\/fr\/wp-json\/wp\/v2\/types\/tribe_events"}],"author":[{"embeddable":true,"href":"https:\/\/tag-der-restaurierung.ch\/fr\/wp-json\/wp\/v2\/users\/52"}],"version-history":[{"count":0,"href":"https:\/\/tag-der-restaurierung.ch\/fr\/wp-json\/wp\/v2\/tribe_events\/2115\/revisions"}],"wp:featuredmedia":[{"embeddable":true,"href":"https:\/\/tag-der-restaurierung.ch\/fr\/wp-json\/wp\/v2\/media\/2116"}],"wp:attachment":[{"href":"https:\/\/tag-der-restaurierung.ch\/fr\/wp-json\/wp\/v2\/media?parent=2115"}],"wp:term":[{"taxonomy":"post_tag","embeddable":true,"href":"https:\/\/tag-der-restaurierung.ch\/fr\/wp-json\/wp\/v2\/tags?post=2115"},{"taxonomy":"tribe_events_cat","embeddable":true,"href":"https:\/\/tag-der-restaurierung.ch\/fr\/wp-json\/wp\/v2\/tribe_events_cat?post=2115"}],"curies":[{"name":"wp","href":"https:\/\/api.w.org\/{rel}","templated":true}]}}