{"id":1878,"date":"2024-06-25T11:54:13","date_gmt":"2024-06-25T09:54:13","guid":{"rendered":"https:\/\/tag-der-restaurierung.ch\/?post_type=tribe_events&#038;p=1878"},"modified":"2024-09-26T12:09:13","modified_gmt":"2024-09-26T10:09:13","slug":"einblicke-in-den-unterhalt-der-sammlung-des-kunstmuseum-solothurn","status":"publish","type":"tribe_events","link":"https:\/\/tag-der-restaurierung.ch\/fr\/event\/einblicke-in-den-unterhalt-der-sammlung-des-kunstmuseum-solothurn\/","title":{"rendered":"Die Kunst der Restaurierung \u2013 Einblicke in den Unterhalt der Sammlung des Kunstmuseum Solothurn"},"content":{"rendered":"<p>Die Arbeit von Restaurator*innen aus n\u00e4chster N\u00e4he kennenlernen \u2013 eine seltene Gelegenheit, die Besuchende am 20. Oktober, dem Europ\u00e4ischen Tag der Restaurierung erwartet.<br \/>\nDie Sammlung des Kunstmuseums Solothurn reicht von sp\u00e4tmittelalterlichen Holztafelbildern \u00fcber Skulpturen aus Stein, Holz und Metall, Leinwandgem\u00e4lden und Arbeiten auf Papier, bis hin zu Fotografien und zeitgen\u00f6ssischen Medienkunstwerken. Diese Materialvielfalt macht den Erhalt f\u00fcr zuk\u00fcnftige Generationen, die Konservierung und Restaurierung, so abwechslungsreich wie herausfordernd.<br \/>\nErleben Sie, wie Restaurator*innen aktuelle Projekte aus ihrem Alltag pr\u00e4sentieren, eine spannende Verbindung von Wissenschaft, Kunstgeschichte und handwerklichem K\u00f6nnen! Mit:<br \/>\n\u2022\tAnabel von Sch\u00f6nburg, Restauratorin, Kunstmuseum Solothurn<br \/>\n\u2022\tIna von Woyski Niedermann, freischaffende Restauratorin, Textil<br \/>\n\u2022\tStefanie Illi, freischaffende Restauratorin, Klassische Moderne und zeitgen\u00f6ssische Kunst<br \/>\n\u2022\tMartin Gasser, freischaffender Restaurator, Papier, Graphik, Schriftgut<\/p>\n<p>Sonntag 20. Oktober 2024 von 10-13 und 14-17 Uhr<br \/>\nKunstmuseum Solothurn, Werkhofstrasse 30 https:\/\/www.kunstmuseum-so.ch\/de\/<br \/>\nEurop\u00e4ischer Tag der Restaurierung https:\/\/tag-der-restaurierung.ch\/<br \/>\nKeine Anmeldung erforderlich, Eintritt frei.<\/p>\n","protected":false},"excerpt":{"rendered":"<p>Die Arbeit von Restaurator*innen aus n\u00e4chster N\u00e4he kennenlernen \u2013 eine seltene Gelegenheit, die Besuchende am 20. Oktober, dem Europ\u00e4ischen Tag der Restaurierung erwartet. Die Sammlung des Kunstmuseums Solothurn reicht von [&hellip;]<\/p>\n","protected":false},"author":45,"featured_media":1883,"template":"","meta":{"_tribe_events_status":"","_tribe_events_status_reason":"","_tribe_events_is_hybrid":"","_tribe_events_is_virtual":"","_tribe_events_virtual_video_source":"","_tribe_events_virtual_embed_video":"","_tribe_events_virtual_linked_button_text":"","_tribe_events_virtual_linked_button":"","_tribe_events_virtual_show_embed_at":"","_tribe_events_virtual_show_embed_to":[],"_tribe_events_virtual_show_on_event":"","_tribe_events_virtual_show_on_views":"","_tribe_events_virtual_url":"","footnotes":""},"tags":[49,48],"tribe_events_cat":[146,145,58],"class_list":["post-1878","tribe_events","type-tribe_events","status-publish","has-post-thumbnail","hentry","tag-museum","tag-restaurator-in","tribe_events_cat-diskussion","tribe_events_cat-expertinnen-interview","tribe_events_cat-erwachseneundkinder","cat_diskussion","cat_expertinnen-interview","cat_erwachseneundkinder"],"yoast_head":"<!-- This site is optimized with the Yoast SEO plugin v27.3 - https:\/\/yoast.com\/product\/yoast-seo-wordpress\/ -->\n<title>Die Kunst der Restaurierung \u2013 Einblicke in den Unterhalt der Sammlung des Kunstmuseum Solothurn - Europ\u00e4ischer Tag der Restaurierung \/ Journ\u00e9e europ\u00e9enne de la conservation-restauration \/ Giornata Europea del Restauro<\/title>\n<meta name=\"robots\" content=\"index, follow, max-snippet:-1, max-image-preview:large, max-video-preview:-1\" \/>\n<link rel=\"canonical\" href=\"https:\/\/tag-der-restaurierung.ch\/fr\/event\/einblicke-in-den-unterhalt-der-sammlung-des-kunstmuseum-solothurn\/\" \/>\n<meta property=\"og:locale\" content=\"fr_FR\" \/>\n<meta property=\"og:type\" content=\"article\" \/>\n<meta property=\"og:title\" content=\"Die Kunst der Restaurierung \u2013 Einblicke in den Unterhalt der Sammlung des Kunstmuseum Solothurn - Europ\u00e4ischer Tag der Restaurierung \/ Journ\u00e9e europ\u00e9enne de la conservation-restauration \/ Giornata Europea del Restauro\" \/>\n<meta property=\"og:description\" content=\"Die Arbeit von Restaurator*innen aus n\u00e4chster N\u00e4he kennenlernen \u2013 eine seltene Gelegenheit, die Besuchende am 20. Oktober, dem Europ\u00e4ischen Tag der Restaurierung erwartet. Die Sammlung des Kunstmuseums Solothurn reicht von [&hellip;]\" \/>\n<meta property=\"og:url\" content=\"https:\/\/tag-der-restaurierung.ch\/fr\/event\/einblicke-in-den-unterhalt-der-sammlung-des-kunstmuseum-solothurn\/\" \/>\n<meta property=\"og:site_name\" content=\"Europ\u00e4ischer Tag der Restaurierung \/ Journ\u00e9e europ\u00e9enne de la conservation-restauration \/ Giornata Europea del Restauro\" \/>\n<meta property=\"article:publisher\" content=\"https:\/\/www.facebook.com\/tag.der.restaurierung.ch\" \/>\n<meta property=\"article:modified_time\" content=\"2024-09-26T10:09:13+00:00\" \/>\n<meta property=\"og:image\" content=\"https:\/\/tag-der-restaurierung.ch\/wp-content\/uploads\/2024\/06\/DSCN6838-1.jpeg\" \/>\n\t<meta property=\"og:image:width\" content=\"1704\" \/>\n\t<meta property=\"og:image:height\" content=\"2272\" \/>\n\t<meta property=\"og:image:type\" content=\"image\/jpeg\" \/>\n<meta name=\"twitter:card\" content=\"summary_large_image\" \/>\n<meta name=\"twitter:label1\" content=\"Dur\u00e9e de lecture estim\u00e9e\" \/>\n\t<meta name=\"twitter:data1\" content=\"1 minute\" \/>\n<script type=\"application\/ld+json\" class=\"yoast-schema-graph\">{\"@context\":\"https:\\\/\\\/schema.org\",\"@graph\":[{\"@type\":\"WebPage\",\"@id\":\"https:\\\/\\\/tag-der-restaurierung.ch\\\/fr\\\/event\\\/einblicke-in-den-unterhalt-der-sammlung-des-kunstmuseum-solothurn\\\/\",\"url\":\"https:\\\/\\\/tag-der-restaurierung.ch\\\/fr\\\/event\\\/einblicke-in-den-unterhalt-der-sammlung-des-kunstmuseum-solothurn\\\/\",\"name\":\"Die Kunst der Restaurierung \u2013 Einblicke in den Unterhalt der Sammlung des Kunstmuseum Solothurn - Europ\u00e4ischer Tag der Restaurierung \\\/ Journ\u00e9e europ\u00e9enne de la conservation-restauration \\\/ Giornata Europea del Restauro\",\"isPartOf\":{\"@id\":\"https:\\\/\\\/tag-der-restaurierung.ch\\\/fr\\\/#website\"},\"primaryImageOfPage\":{\"@id\":\"https:\\\/\\\/tag-der-restaurierung.ch\\\/fr\\\/event\\\/einblicke-in-den-unterhalt-der-sammlung-des-kunstmuseum-solothurn\\\/#primaryimage\"},\"image\":{\"@id\":\"https:\\\/\\\/tag-der-restaurierung.ch\\\/fr\\\/event\\\/einblicke-in-den-unterhalt-der-sammlung-des-kunstmuseum-solothurn\\\/#primaryimage\"},\"thumbnailUrl\":\"https:\\\/\\\/tag-der-restaurierung.ch\\\/wp-content\\\/uploads\\\/2024\\\/06\\\/DSCN6838-1.jpeg\",\"datePublished\":\"2024-06-25T09:54:13+00:00\",\"dateModified\":\"2024-09-26T10:09:13+00:00\",\"breadcrumb\":{\"@id\":\"https:\\\/\\\/tag-der-restaurierung.ch\\\/fr\\\/event\\\/einblicke-in-den-unterhalt-der-sammlung-des-kunstmuseum-solothurn\\\/#breadcrumb\"},\"inLanguage\":\"fr-FR\",\"potentialAction\":[{\"@type\":\"ReadAction\",\"target\":[\"https:\\\/\\\/tag-der-restaurierung.ch\\\/fr\\\/event\\\/einblicke-in-den-unterhalt-der-sammlung-des-kunstmuseum-solothurn\\\/\"]}]},{\"@type\":\"ImageObject\",\"inLanguage\":\"fr-FR\",\"@id\":\"https:\\\/\\\/tag-der-restaurierung.ch\\\/fr\\\/event\\\/einblicke-in-den-unterhalt-der-sammlung-des-kunstmuseum-solothurn\\\/#primaryimage\",\"url\":\"https:\\\/\\\/tag-der-restaurierung.ch\\\/wp-content\\\/uploads\\\/2024\\\/06\\\/DSCN6838-1.jpeg\",\"contentUrl\":\"https:\\\/\\\/tag-der-restaurierung.ch\\\/wp-content\\\/uploads\\\/2024\\\/06\\\/DSCN6838-1.jpeg\",\"width\":1704,\"height\":2272},{\"@type\":\"BreadcrumbList\",\"@id\":\"https:\\\/\\\/tag-der-restaurierung.ch\\\/fr\\\/event\\\/einblicke-in-den-unterhalt-der-sammlung-des-kunstmuseum-solothurn\\\/#breadcrumb\",\"itemListElement\":[{\"@type\":\"ListItem\",\"position\":1,\"name\":\"Startseite\",\"item\":\"https:\\\/\\\/tag-der-restaurierung.ch\\\/fr\\\/home\\\/\"},{\"@type\":\"ListItem\",\"position\":2,\"name\":\"\u00c9v\u00e8nements\",\"item\":\"https:\\\/\\\/tag-der-restaurierung.ch\\\/fr\\\/events\\\/\"},{\"@type\":\"ListItem\",\"position\":3,\"name\":\"Die Kunst der Restaurierung \u2013 Einblicke in den Unterhalt der Sammlung des Kunstmuseum Solothurn\"}]},{\"@type\":\"WebSite\",\"@id\":\"https:\\\/\\\/tag-der-restaurierung.ch\\\/fr\\\/#website\",\"url\":\"https:\\\/\\\/tag-der-restaurierung.ch\\\/fr\\\/\",\"name\":\"Europ\u00e4ischer Tag der Restaurierung \\\/ Journ\u00e9e europ\u00e9enne de la conservation-restauration \\\/ Giornata Europea del Restauro\",\"description\":\"am 18. Oktober 2026 in der Schweiz\",\"publisher\":{\"@id\":\"https:\\\/\\\/tag-der-restaurierung.ch\\\/fr\\\/#organization\"},\"potentialAction\":[{\"@type\":\"SearchAction\",\"target\":{\"@type\":\"EntryPoint\",\"urlTemplate\":\"https:\\\/\\\/tag-der-restaurierung.ch\\\/fr\\\/?s={search_term_string}\"},\"query-input\":{\"@type\":\"PropertyValueSpecification\",\"valueRequired\":true,\"valueName\":\"search_term_string\"}}],\"inLanguage\":\"fr-FR\"},{\"@type\":\"Organization\",\"@id\":\"https:\\\/\\\/tag-der-restaurierung.ch\\\/fr\\\/#organization\",\"name\":\"Schweizer Verband f\u00fcr Konservierung und Restaurierung\",\"url\":\"https:\\\/\\\/tag-der-restaurierung.ch\\\/fr\\\/\",\"logo\":{\"@type\":\"ImageObject\",\"inLanguage\":\"fr-FR\",\"@id\":\"https:\\\/\\\/tag-der-restaurierung.ch\\\/fr\\\/#\\\/schema\\\/logo\\\/image\\\/\",\"url\":\"https:\\\/\\\/tag-der-restaurierung.ch\\\/wp-content\\\/uploads\\\/2022\\\/06\\\/SKR-Logo-footer.png\",\"contentUrl\":\"https:\\\/\\\/tag-der-restaurierung.ch\\\/wp-content\\\/uploads\\\/2022\\\/06\\\/SKR-Logo-footer.png\",\"width\":200,\"height\":78,\"caption\":\"Schweizer Verband f\u00fcr Konservierung und Restaurierung\"},\"image\":{\"@id\":\"https:\\\/\\\/tag-der-restaurierung.ch\\\/fr\\\/#\\\/schema\\\/logo\\\/image\\\/\"},\"sameAs\":[\"https:\\\/\\\/www.facebook.com\\\/tag.der.restaurierung.ch\"]}]}<\/script>\n<!-- \/ Yoast SEO plugin. -->","yoast_head_json":{"title":"Die Kunst der Restaurierung \u2013 Einblicke in den Unterhalt der Sammlung des Kunstmuseum Solothurn - Europ\u00e4ischer Tag der Restaurierung \/ Journ\u00e9e europ\u00e9enne de la conservation-restauration \/ Giornata Europea del Restauro","robots":{"index":"index","follow":"follow","max-snippet":"max-snippet:-1","max-image-preview":"max-image-preview:large","max-video-preview":"max-video-preview:-1"},"canonical":"https:\/\/tag-der-restaurierung.ch\/fr\/event\/einblicke-in-den-unterhalt-der-sammlung-des-kunstmuseum-solothurn\/","og_locale":"fr_FR","og_type":"article","og_title":"Die Kunst der Restaurierung \u2013 Einblicke in den Unterhalt der Sammlung des Kunstmuseum Solothurn - Europ\u00e4ischer Tag der Restaurierung \/ Journ\u00e9e europ\u00e9enne de la conservation-restauration \/ Giornata Europea del Restauro","og_description":"Die Arbeit von Restaurator*innen aus n\u00e4chster N\u00e4he kennenlernen \u2013 eine seltene Gelegenheit, die Besuchende am 20. Oktober, dem Europ\u00e4ischen Tag der Restaurierung erwartet. Die Sammlung des Kunstmuseums Solothurn reicht von [&hellip;]","og_url":"https:\/\/tag-der-restaurierung.ch\/fr\/event\/einblicke-in-den-unterhalt-der-sammlung-des-kunstmuseum-solothurn\/","og_site_name":"Europ\u00e4ischer Tag der Restaurierung \/ Journ\u00e9e europ\u00e9enne de la conservation-restauration \/ Giornata Europea del Restauro","article_publisher":"https:\/\/www.facebook.com\/tag.der.restaurierung.ch","article_modified_time":"2024-09-26T10:09:13+00:00","og_image":[{"width":1704,"height":2272,"url":"https:\/\/tag-der-restaurierung.ch\/wp-content\/uploads\/2024\/06\/DSCN6838-1.jpeg","type":"image\/jpeg"}],"twitter_card":"summary_large_image","twitter_misc":{"Dur\u00e9e de lecture estim\u00e9e":"1 minute"},"schema":{"@context":"https:\/\/schema.org","@graph":[{"@type":"WebPage","@id":"https:\/\/tag-der-restaurierung.ch\/fr\/event\/einblicke-in-den-unterhalt-der-sammlung-des-kunstmuseum-solothurn\/","url":"https:\/\/tag-der-restaurierung.ch\/fr\/event\/einblicke-in-den-unterhalt-der-sammlung-des-kunstmuseum-solothurn\/","name":"Die Kunst der Restaurierung \u2013 Einblicke in den Unterhalt der Sammlung des Kunstmuseum Solothurn - Europ\u00e4ischer Tag der Restaurierung \/ Journ\u00e9e europ\u00e9enne de la conservation-restauration \/ Giornata Europea del Restauro","isPartOf":{"@id":"https:\/\/tag-der-restaurierung.ch\/fr\/#website"},"primaryImageOfPage":{"@id":"https:\/\/tag-der-restaurierung.ch\/fr\/event\/einblicke-in-den-unterhalt-der-sammlung-des-kunstmuseum-solothurn\/#primaryimage"},"image":{"@id":"https:\/\/tag-der-restaurierung.ch\/fr\/event\/einblicke-in-den-unterhalt-der-sammlung-des-kunstmuseum-solothurn\/#primaryimage"},"thumbnailUrl":"https:\/\/tag-der-restaurierung.ch\/wp-content\/uploads\/2024\/06\/DSCN6838-1.jpeg","datePublished":"2024-06-25T09:54:13+00:00","dateModified":"2024-09-26T10:09:13+00:00","breadcrumb":{"@id":"https:\/\/tag-der-restaurierung.ch\/fr\/event\/einblicke-in-den-unterhalt-der-sammlung-des-kunstmuseum-solothurn\/#breadcrumb"},"inLanguage":"fr-FR","potentialAction":[{"@type":"ReadAction","target":["https:\/\/tag-der-restaurierung.ch\/fr\/event\/einblicke-in-den-unterhalt-der-sammlung-des-kunstmuseum-solothurn\/"]}]},{"@type":"ImageObject","inLanguage":"fr-FR","@id":"https:\/\/tag-der-restaurierung.ch\/fr\/event\/einblicke-in-den-unterhalt-der-sammlung-des-kunstmuseum-solothurn\/#primaryimage","url":"https:\/\/tag-der-restaurierung.ch\/wp-content\/uploads\/2024\/06\/DSCN6838-1.jpeg","contentUrl":"https:\/\/tag-der-restaurierung.ch\/wp-content\/uploads\/2024\/06\/DSCN6838-1.jpeg","width":1704,"height":2272},{"@type":"BreadcrumbList","@id":"https:\/\/tag-der-restaurierung.ch\/fr\/event\/einblicke-in-den-unterhalt-der-sammlung-des-kunstmuseum-solothurn\/#breadcrumb","itemListElement":[{"@type":"ListItem","position":1,"name":"Startseite","item":"https:\/\/tag-der-restaurierung.ch\/fr\/home\/"},{"@type":"ListItem","position":2,"name":"\u00c9v\u00e8nements","item":"https:\/\/tag-der-restaurierung.ch\/fr\/events\/"},{"@type":"ListItem","position":3,"name":"Die Kunst der Restaurierung \u2013 Einblicke in den Unterhalt der Sammlung des Kunstmuseum Solothurn"}]},{"@type":"WebSite","@id":"https:\/\/tag-der-restaurierung.ch\/fr\/#website","url":"https:\/\/tag-der-restaurierung.ch\/fr\/","name":"Europ\u00e4ischer Tag der Restaurierung \/ Journ\u00e9e europ\u00e9enne de la conservation-restauration \/ Giornata Europea del Restauro","description":"am 18. Oktober 2026 in der Schweiz","publisher":{"@id":"https:\/\/tag-der-restaurierung.ch\/fr\/#organization"},"potentialAction":[{"@type":"SearchAction","target":{"@type":"EntryPoint","urlTemplate":"https:\/\/tag-der-restaurierung.ch\/fr\/?s={search_term_string}"},"query-input":{"@type":"PropertyValueSpecification","valueRequired":true,"valueName":"search_term_string"}}],"inLanguage":"fr-FR"},{"@type":"Organization","@id":"https:\/\/tag-der-restaurierung.ch\/fr\/#organization","name":"Schweizer Verband f\u00fcr Konservierung und Restaurierung","url":"https:\/\/tag-der-restaurierung.ch\/fr\/","logo":{"@type":"ImageObject","inLanguage":"fr-FR","@id":"https:\/\/tag-der-restaurierung.ch\/fr\/#\/schema\/logo\/image\/","url":"https:\/\/tag-der-restaurierung.ch\/wp-content\/uploads\/2022\/06\/SKR-Logo-footer.png","contentUrl":"https:\/\/tag-der-restaurierung.ch\/wp-content\/uploads\/2022\/06\/SKR-Logo-footer.png","width":200,"height":78,"caption":"Schweizer Verband f\u00fcr Konservierung und Restaurierung"},"image":{"@id":"https:\/\/tag-der-restaurierung.ch\/fr\/#\/schema\/logo\/image\/"},"sameAs":["https:\/\/www.facebook.com\/tag.der.restaurierung.ch"]}]}},"_links":{"self":[{"href":"https:\/\/tag-der-restaurierung.ch\/fr\/wp-json\/wp\/v2\/tribe_events\/1878","targetHints":{"allow":["GET"]}}],"collection":[{"href":"https:\/\/tag-der-restaurierung.ch\/fr\/wp-json\/wp\/v2\/tribe_events"}],"about":[{"href":"https:\/\/tag-der-restaurierung.ch\/fr\/wp-json\/wp\/v2\/types\/tribe_events"}],"author":[{"embeddable":true,"href":"https:\/\/tag-der-restaurierung.ch\/fr\/wp-json\/wp\/v2\/users\/45"}],"version-history":[{"count":0,"href":"https:\/\/tag-der-restaurierung.ch\/fr\/wp-json\/wp\/v2\/tribe_events\/1878\/revisions"}],"wp:featuredmedia":[{"embeddable":true,"href":"https:\/\/tag-der-restaurierung.ch\/fr\/wp-json\/wp\/v2\/media\/1883"}],"wp:attachment":[{"href":"https:\/\/tag-der-restaurierung.ch\/fr\/wp-json\/wp\/v2\/media?parent=1878"}],"wp:term":[{"taxonomy":"post_tag","embeddable":true,"href":"https:\/\/tag-der-restaurierung.ch\/fr\/wp-json\/wp\/v2\/tags?post=1878"},{"taxonomy":"tribe_events_cat","embeddable":true,"href":"https:\/\/tag-der-restaurierung.ch\/fr\/wp-json\/wp\/v2\/tribe_events_cat?post=1878"}],"curies":[{"name":"wp","href":"https:\/\/api.w.org\/{rel}","templated":true}]}}