{"id":3272,"date":"2022-04-02T12:21:13","date_gmt":"2022-04-02T10:21:13","guid":{"rendered":"https:\/\/tag-der-restaurierung.ch\/declaration-de-protection-des-donnees\/"},"modified":"2025-10-06T08:59:47","modified_gmt":"2025-10-06T06:59:47","slug":"declaration-de-protection-des-donnees","status":"publish","type":"page","link":"https:\/\/tag-der-restaurierung.ch\/fr\/declaration-de-protection-des-donnees\/","title":{"rendered":"D\u00e9claration de protection des donn\u00e9es"},"content":{"rendered":"<div class=\"et_d4_element et_pb_section et_pb_section_0  et_pb_css_mix_blend_mode et_section_regular et_block_section\" >\n\t\t\t\t\n\t\t\t\t\n\t\t\t\t\n\t\t\t\t\n\t\t\t\t\n\t\t\t\t\n\t\t\t\t<div class=\"et_d4_element et_pb_row et_pb_row_0  et_pb_css_mix_blend_mode et_block_row\">\n\t\t\t\t<div class=\"et_d4_element et_pb_column_4_4 et_pb_column et_pb_column_0  et_pb_css_mix_blend_mode et-last-child et_block_column\">\n\t\t\t\t\n\t\t\t\t\n\t\t\t\t\n\t\t\t\t\n\t\t\t\t<div class=\"et_pb_module et_d4_element et_pb_text et_pb_text_0  et_pb_text_align_left et_pb_bg_layout_light\">\n\t\t\t\t\n\t\t\t\t\n\t\t\t\t\n\t\t\t\t\n\t\t\t\t<div class=\"et_pb_text_inner\"><h1>Mentions l\u00e9gales<\/h1>\n<p>Les mentions l\u00e9gales ainsi que les informations et opinions contenues sur le site www.tag-der-restaurierung.ch peuvent \u00eatre modifi\u00e9es \u00e0 tout moment et sans pr\u00e9avis.<\/p>\n<p>Pour toute question relative \u00e0 la protection des donn\u00e9es, nous vous renvoyons \u00e0 la d\u00e9claration de <a href=\"https:\/\/tag-der-restaurierung.ch\/fr\/declaration-de-protection-des-donnees\/#Data\">protection des donn\u00e9es<\/a> ci-dessous.<\/p>\n<p>&nbsp;<\/p>\n<h3>1. Droits d'auteur<\/h3>\n<p>L'ensemble du contenu du site www.tag-der-restaurierung.ch est prot\u00e9g\u00e9 par les droits d'auteur (tous droits r\u00e9serv\u00e9s). La r\u00e9utilisation de ce contenu n'est autoris\u00e9e qu'\u00e0 des fins d'information. Par cons\u00e9quent, toute diffusion ult\u00e9rieure (sous forme \u00e9lectronique, \u00e9crite ou autre) ou autre utilisation des contenus publi\u00e9s sur le site www.tag-der-restaurierung.ch ainsi que des logos est interdite sans l'autorisation expresse des auteurs de ce site ou des d\u00e9tenteurs des droits correspondants, mais en particulier \u00e0 des fins publiques ou commerciales.  <\/p>\n<p>La citation de documents et de pages web est express\u00e9ment autoris\u00e9e, \u00e0 condition que la source soit correctement indiqu\u00e9e. Il est \u00e9galement permis de cr\u00e9er des liens vers le site www.tag-der-restaurierung.ch ou www.journee-conservation-restauration.ch. <\/p>\n<h3>2. Indications sous r\u00e9serve de modification<\/h3>\n<p>Les auteurs de ce site web apportent le plus grand soin \u00e0 la mise \u00e0 jour des informations sur leur site. Nous int\u00e9grons sur ce site des contributions de tiers non v\u00e9rifi\u00e9es. Dans le cas o\u00f9 certaines contributions violent les droits de tiers ou contiennent des contenus ill\u00e9gaux pour d'autres raisons, leur auteur respectif est responsable de la violation de la loi. Les informations et les opinions diffus\u00e9es sur le site www.tag-der-restaurierung.ch peuvent \u00eatre modifi\u00e9es \u00e0 tout moment et sans pr\u00e9avis.   <\/p>\n<h3>3. Absence de garantie<\/h3>\n<p>Les auteurs de ce site n'assument aucune responsabilit\u00e9 et ne garantissent pas que les fonctions du site ne soient pas interrompues ou exemptes d'erreurs, que les erreurs soient corrig\u00e9es ou que le site et le serveur correspondant soient exempts de virus ou d'autres composants nuisibles.<\/p>\n<h3>4. Exclusion de la responsabilit\u00e9<\/h3>\n<p>Les auteurs de ce site ne peuvent en aucun cas \u00eatre tenus pour responsable (n\u00e9gligence incluse) pour des dommages ou des dommages cons\u00e9cutifs qui pourraient se produire en relation avec de l'acc\u00e8s \u00e0 des \u00e9l\u00e9ments du site www.tag-der-restaurierung.ch ou \u00e0 leur utilisation (resp. \u00e0 l'impossibilit\u00e9 d'y acc\u00e9der ou de les utiliser).<\/p>\n<h3>5. Liens vers d'autres sites internet<\/h3>\n<p>L'activation des liens hypertextes du site peut entrainer la sortie du site www.tag-der-restaurierung.ch. Les auteurs d\u00e9clinent toute responsabilit\u00e9 pour les contenus, les produits, les prestations de services ou les offres propos\u00e9s par les sites accessibles au moyen de liens hypertextes. Les informations li\u00e9es rel\u00e8vent exclusivement de la responsabilit\u00e9 des exploitants des sites web concern\u00e9s.  <\/p>\n<h3>6. Protection des donn\u00e9es personnelles<\/h3>\n<p>Lors de la saisie et du traitement des donn\u00e9es personnelles, les auteurs respectent la l\u00e9gislation applicable en mati\u00e8re de protection des donn\u00e9es.<\/p>\n<p>&nbsp;<\/p>\n<p>&nbsp;<\/p>\n<h1 id=\"Data\">D\u00e9claration de protection des donn\u00e9es<\/h1>\n<p>En acc\u00e9dant au site www.tag-der-restaurierung.ch, vous acceptez la pr\u00e9sente d\u00e9claration de protection des donn\u00e9es et vous donnez votre consentement aux fonctionnalit\u00e9s qu'elle d\u00e9crit.<\/p>\n<h3>1. Champ d'application<\/h3>\n<p>Nous accordons de l'importance \u00e0 la protection des donn\u00e9es. Nous respectons la Loi sur la protection des donn\u00e9es du canton de Berne (LCPD) et, dans la mesure o\u00f9 des r\u00e9glementations correspondantes sont applicables, la Loi f\u00e9d\u00e9rale sur la protection des donn\u00e9es (LPD) ainsi que le R\u00e8glement g\u00e9n\u00e9ral europ\u00e9en sur la protection des donn\u00e9es (RGPD). <\/p>\n<p>Les dispositions ci-apr\u00e8s s'appliquent exclusivement \u00e0 l'utilisation du site web suivant : www.tag-der-restaurierung.ch. Par ailleurs, elles s'appliquent au traitement par les auteurs des donn\u00e9es personnelles concernant les visiteurs du site et les personnes ou soci\u00e9t\u00e9s qui s'inscrivent sur le site www.tag-der-restaurierung.ch.<br \/>Nous ne garantissons pas le respect des dispositions de protection des donn\u00e9es par les sites internet de tiers vers lesquels le site www.tag-der-restaurierung.ch renvoie et auxquels il fait r\u00e9f\u00e9rence. Les auteurs d\u00e9clinent toute responsabilit\u00e9 pour les contenus li\u00e9s.  <\/p>\n<h3>2. Personnes de contact<\/h3>\n<p>Responsable du traitement des donn\u00e9es: Association suisse de conservation et restauration (SCR), <span>Brunngasse 60, <\/span><span>3000 Bern 8 (nomm\u00e9s \"auteurs\" ci-apr\u00e8s).<\/span><\/p>\n<h3>3. Traitement des donn\u00e9es personnelles; nature, finalit\u00e9 et utilisation des donn\u00e9es<\/h3>\n<h4>3.1 Lors de la visite du site internet<\/h4>\n<p>Lors de la consultation du site internet susmentionn\u00e9, des informations sont temporairement enregistr\u00e9es dans des fichiers journaux sur les syst\u00e8mes du serveur. Il s'agit d'informations envoy\u00e9es automatiquement par le navigateur de votre terminal. A savoir :  <\/p>\n<ul>\n<li>Adresse IP anonymis\u00e9e de l'appareil entr\u00e9 en contact<\/li>\n<li>date et heure de la requ\u00eate au serveur<\/li>\n<li>Pays d'origine<\/li>\n<li>URL de la page consult\u00e9e<\/li>\n<li>URL du r\u00e9f\u00e9rent<\/li>\n<li>Syst\u00e8me d'exploitation utilis\u00e9<\/li>\n<li>Type de navigateur \/ version du navigateur<\/li>\n<\/ul>\n<p>Ces informations sont collect\u00e9es de mani\u00e8re anonyme et ne permettent pas de tirer des conclusions sur votre personne. Nous utilisons les donn\u00e9es pour \u00e9tablir la connexion au site internet, pour analyser son utilisation et optimiser notre site internet, pour la s\u00e9curit\u00e9 et la stabilit\u00e9 du syst\u00e8me, pour traiter les demandes et y r\u00e9pondre ainsi que pour les statistiques et le recrutement. <\/p>\n<p>Le traitement des donn\u00e9es repose sur la LCDP et les bases l\u00e9gales correspondantes. Notre int\u00e9r\u00eat est de concevoir notre site internet et de l'actualiser en permanence de mani\u00e8re \u00e0 r\u00e9pondre aux besoins de nos clients et des visiteurs du site internet. Il s'agit \u00e9galement d'enregistrer statistiquement l'utilisation de notre site internet et de l'\u00e9valuer, afin d'optimiser nos services. <\/p>\n<h4>3.2 Communication par e-mail<\/h4>\n<p>Si vous nous contactez par e-mail, nous utilisons les coordonn\u00e9es que vous nous avez volontairement fournies, telles que votre nom et votre adresse e-mail, pour r\u00e9pondre \u00e0 votre demande. Veuillez noter que l'\u00e9change de donn\u00e9es par e-mail n'est pas s\u00e9curis\u00e9. Nous recommandons d'utiliser un mode de transmission crypt\u00e9, en particulier pour les informations confidentielles ou les donn\u00e9es personnelles sensibles ou de cat\u00e9gories particuli\u00e8res. Nous vous demandons donc de nous informer express\u00e9ment si vous souhaitez communiquer avec nous sous forme crypt\u00e9e.<br \/>Ce traitement a pour but de pouvoir communiquer avec vous.   <\/p>\n<h4>3.3 Formulaires de saisie<\/h4>\n<p>Le site www.tag-der-restaurierung.ch contient diff\u00e9rents formulaires de saisie (formulaires de contact, formulaires d'inscription en tant qu'organisateur, etc.) qui vous permettent de nous communiquer volontairement des donn\u00e9es personnelles. Les donn\u00e9es personnelles collect\u00e9es sont indiqu\u00e9es dans les formulaires de saisie correspondants. Ces donn\u00e9es sont enregistr\u00e9es sur le serveur internet.<br \/>Lors de l'utilisation des formulaires de saisie, une connexion s\u00e9curis\u00e9e avec cryptage TLS est utilis\u00e9e. Le cryptage TLS garantit la confidentialit\u00e9 des donn\u00e9es.   <\/p>\n<h3>4. Les cookies<\/h3>\n<p>Nous utilisons des cookies (cookies de session et cookies permanents) sur notre site web. Il s'agit de petits fichiers cr\u00e9\u00e9s automatiquement par votre navigateur et qui sont enregistr\u00e9s sur votre terminal (ordinateur portable, tablette, smartphone, etc.) lorsque vous consultez notre site. Un cookie ne permet pas syst\u00e9matiquement de vous identifier.  <\/p>\n<p>L'utilisation de cookies de session vise d'une part \u00e0 enregistrer la fr\u00e9quence d'utilisation, le nombre de visiteurs et les comportements sur notre site internet, et d'autre part \u00e0 am\u00e9liorer la s\u00e9curit\u00e9 de l'utilisation du site internet et \u00e0 rendre notre offre d'informations plus conviviale. Ces cookies sont automatiquement supprim\u00e9s d\u00e8s que vous quittez le site.<br \/>Par ailleurs, nous utilisons \u00e9galement des cookies permanents (qui sont stock\u00e9s sur votre terminal pendant une dur\u00e9e d\u00e9termin\u00e9e) pour optimiser la facilit\u00e9 d'utilisation du site. Si vous visitez \u00e0 nouveau notre site pour utiliser nos services, ces cookies permettent de reconna\u00eetre automatiquement que vous avez d\u00e9j\u00e0 consult\u00e9 notre site, et quelles entr\u00e9es et param\u00e8tres vous avez effectu\u00e9s afin de ne pas avoir \u00e0 les saisir \u00e0 nouveau.<br \/>En continuant \u00e0 utiliser notre site internet ou en acceptant la pr\u00e9sente d\u00e9claration de protection des donn\u00e9es, vous acceptez que nous utilisions des cookies et que soient collect\u00e9es, stock\u00e9es et utilis\u00e9es des donn\u00e9es personnelles d'utilisateur m\u00eame apr\u00e8s la fin de la session de navigation. Vous pouvez r\u00e9voquer ce consentement \u00e0 tout moment en activant le param\u00e8tre par d\u00e9faut de votre navigateur pour refuser les cookies de tiers.<br \/>Les donn\u00e9es trait\u00e9es par les cookies sont requises aux fins susmentionn\u00e9es afin de pr\u00e9server nos int\u00e9r\u00eats l\u00e9gitimes et les int\u00e9r\u00eats de tiers. Les cookies permettent de rendre notre site internet plus attrayant, plus efficace, plus s\u00fbr et plus convivial.<br \/>La plupart des navigateurs internet sont param\u00e9tr\u00e9s de mani\u00e8re \u00e0 accepter automatiquement les cookies. Si vous ne souhaitez pas que notre site internet enregistre des cookies sur votre appareil, vous pouvez configurer votre navigateur de mani\u00e8re \u00e0 ce qu'il vous avertisse avant d'enregistrer certains cookies. Vous pouvez \u00e9galement configurer votre navigateur pour qu'il refuse la plupart de nos cookies ou pour qu'il ne refuse que certains cookies ou les d\u00e9sactive compl\u00e8tement. Vous pouvez \u00e9galement retirer votre consentement aux cookies en supprimant ceux qui ont d\u00e9j\u00e0 \u00e9t\u00e9 enregistr\u00e9s. Voir \u00e0 ce sujet les instructions de l'exploitant du moteur de recherche :        <\/p>\n<ul>\n<li><a href=\"https:\/\/support.microsoft.com\/en-us\/topic\/how-to-delete-cookie-files-in-internet-explorer-bca9446f-d873-78de-77ba-d42645fa52fc\" target=\"_blank\" rel=\"noopener\">Internet Explorer<\/a><\/li>\n<li><a href=\"https:\/\/support.mozilla.org\/de\/kb\/cookies-und-website-daten-in-firefox-loschen\" target=\"_blank\" rel=\"noopener\">Mozilla Firefox<\/a><\/li>\n<li><a href=\"https:\/\/support.google.com\/chrome\/answer\/95647?co=GENIE.Platform%3DDesktop&amp;hl=de\" target=\"_blank\" rel=\"noopener\">Google Chrome<\/a><\/li>\n<li><a href=\"https:\/\/support.apple.com\/de-ch\/guide\/safari\/sfri11471\/mac\" target=\"_blank\" rel=\"noopener\">Safari<\/a><\/li>\n<li><a href=\"https:\/\/help.opera.com\/de\/latest\/web-preferences\/\" target=\"_blank\" rel=\"noopener\">Opera<\/a><\/li>\n<\/ul>\n<p>Veuillez noter que si vous limitez ou d\u00e9sactivez les cookies, vous risquez de ne plus avoir acc\u00e8s \u00e0 certaines fonctionnalit\u00e9s du site. La d\u00e9sactivation compl\u00e8te des cookies peut vous emp\u00eacher d'utiliser toutes les fonctionnalit\u00e9s de notre site. <\/p>\n<h3>5. Analyse web<\/h3>\n<h4>5.1 Google Analytics<\/h4>\n<p>Afin d'am\u00e9liorer leur pr\u00e9sence sur le web et l'exp\u00e9rience des utilisateurs, ainsi que pour des \u00e9valuations statistiques des acc\u00e8s des visiteurs \u00e0 leur site web, les auteurs utilisent des fonctions du service d'analyse web Google Analytics du fournisseur Google LLC, 1600 Amphitheatre Parkway Mountain View, CA 94043, USA. Google Analytics utilise des cookies qui sont stock\u00e9s sur votre terminal et qui permettent d'analyser votre utilisation de ce site web. Nous utilisons la fonction \"Activation de l'anonymisation IP\" sur notre site web. Ce n'est que dans des cas exceptionnels que l'adresse IP compl\u00e8te est transmise \u00e0 un serveur de Google aux Etats-Unis et y est raccourcie.<br \/>Google utilisera ces informations pour notre compte afin d'\u00e9valuer votre utilisation de ce site internet, de compiler des rapports sur l'activit\u00e9 du site internet et de fournir d'autres services li\u00e9s \u00e0 l'utilisation du site internet et d'Internet dans le cadre de la Journ\u00e9e europ\u00e9enne de la restauration. Selon Google, l'adresse IP transmise ne sera en aucun cas recoup\u00e9e avec d'autres donn\u00e9es de Google.<br \/>Vous pouvez emp\u00eacher la saisie par Google des donn\u00e9es g\u00e9n\u00e9r\u00e9es par les cookies et relatives \u00e0 votre utilisation du site web ainsi que le traitement de ces donn\u00e9es par Google en t\u00e9l\u00e9chargeant et en installant le plug-in de navigateur disponible \u00e0 l'adresse suivante : https:\/\/tools.google.com\/dlpage\/gaoptout?hl=fr. Toutefois, cela peut limiter la fonctionnalit\u00e9 du site www.tag-der-restaurierung.ch.     <\/p>\n<p><a href=\"https:\/\/marketingplatform.google.com\/about\/analytics\/terms\/de\/\" target=\"_blank\" rel=\"noopener\">Vous trouverez ici des informations sur les conditions d'utilisation de Google Analytics.<\/a><\/p>\n<p>Notre int\u00e9r\u00eat est que notre site internet soit con\u00e7u et mis \u00e0 jour en permanence de mani\u00e8re \u00e0 r\u00e9pondre aux besoins de nos clients et des visiteurs de notre site internet, et que l'utilisation de notre site internet soit enregistr\u00e9e et \u00e9valu\u00e9e statistiquement afin d'optimiser nos services.<\/p>\n<h3>6. Plugins<\/h3>\n<p>Les auteurs utilisent le plugin suivant sur leur site internet :<\/p>\n<h4>6.1 Google maps<\/h4>\n<p>Sur le site www.tag-der-restaurierung.ch, l'API Google Maps est utilis\u00e9e pour repr\u00e9senter visuellement des informations g\u00e9ographiques. Lors de l'utilisation de Google Maps, Google collecte, traite et utilise \u00e9galement des donn\u00e9es relatives \u00e0 l'utilisation des fonctions cartographiques par les utilisateurs. La coop\u00e9ration avec Google LLC en mati\u00e8re de protection des donn\u00e9es s'effectue sur la base d'un contrat de responsabilit\u00e9 conjointe, disponible sur https:\/\/privacy.google.com\/intl\/de\/businesses\/mapscontrollerterms\/<br \/>Vous trouverez ici de plus amples informations sur le traitement des donn\u00e9es par Google.  <br \/><a href=\"https:\/\/policies.google.com\/privacy?hl=de\" target=\"_blank\" rel=\"noopener\">https:\/\/policies.google.com\/privacy?hl=de<\/a><\/p>\n<h3>7. Transmission de donn\u00e9es \u00e0 des tiers<\/h3>\n<p>Dans le cadre du traitement de donn\u00e9es personnelles lors de la consultation de notre site internet, aucune donn\u00e9e personnelle n'est transmises \u00e0 des tiers \u00e0 des fins autres que celles mentionn\u00e9es.<\/p>\n<p>Vos donn\u00e9es personnelles seront partag\u00e9es avec les cat\u00e9gories de tiers suivantes :<\/p>\n<ul>\n<li>Op\u00e9rateur de moteur de recherche<\/li>\n<li>Outils d'analyse<\/li>\n<li>Fabricant ou fournisseur (d\u00e9veloppeurs de site internet \/ service support)<\/li>\n<\/ul>\n<p>Vos donn\u00e9es et informations sont utilis\u00e9es et, le cas \u00e9ch\u00e9ant, transmises afin de vous assister de mani\u00e8re optimale et efficace, de r\u00e9pondre de mani\u00e8re satisfaisante \u00e0 vos questions et de pouvoir vous fournir les services propos\u00e9s de mani\u00e8re optimale. Cela nous aide \u00e9galement \u00e0 optimiser en permanence nos services et notre assistance. <\/p>\n<h3>8. S\u00e9curit\u00e9 des donn\u00e9es<\/h3>\n<p>Nous disposons de proc\u00e9dures techniques et organisationnelles afin de pr\u00e9server la s\u00e9curit\u00e9 de vos donn\u00e9es personnelles et de prot\u00e9ger vos donn\u00e9es de session et vos donn\u00e9es personnelles contre tout traitement non autoris\u00e9 ou illicite et\/ou contre toute perte, toute modification, toute divulgation ou tout acc\u00e8s involontaire.<\/p>\n<p>Toutefois, vous devez \u00eatre conscient que la transmission d'informations par internet ou par d'autres moyens \u00e9lectroniques comporte toujours certains risques et que nous ne pouvons pas garantir la s\u00e9curit\u00e9 des informations transmises par ces moyens.<\/p>\n<p>Vos donn\u00e9es personnelles en rapport avec notre site web sont transmises de ce site web vers le n\u00f4tre sous forme crypt\u00e9e TLS. Nous prot\u00e9geons notre site web contre les acc\u00e8s non autoris\u00e9s gr\u00e2ce \u00e0 des mesures techniques et organisationnelles. <\/p>\n<h3>9. Dur\u00e9e de conservation<\/h3>\n<p>Nous conservons vos donn\u00e9es personnelles aussi longtemps que nous le consid\u00e9rons n\u00e9cessaire ou appropri\u00e9 pour respecter la l\u00e9gislation en vigueur ou aussi longtemps qu'elles sont n\u00e9cessaires aux fins pour lesquelles elles ont \u00e9t\u00e9 collect\u00e9es. Nous supprimons vos donn\u00e9es personnelles d\u00e8s qu'elles ne sont plus n\u00e9cessaires et, dans tous les cas, \u00e0 l'expiration du d\u00e9lai de conservation l\u00e9gal maximum de cinq ou dix ans. Les donn\u00e9es qui ne sont plus n\u00e9cessaires et pour lesquelles il n'existe pas d'obligation l\u00e9gale de conservation sont effac\u00e9es d\u00e8s que la finalit\u00e9 et le motif justificatif ont expir\u00e9.  <\/p>\n<h3>10. Mise \u00e0 jour et modification de la d\u00e9claration de protection des donn\u00e9es<\/h3>\n<p>Les auteurs se r\u00e9servent le droit de mettre \u00e0 jour leurs informations sur la protection des donn\u00e9es ou de les adapter aux nouvelles m\u00e9thodes de traitement \u00e0 tout moment et sans pr\u00e9avis. La d\u00e9claration de protection des donn\u00e9es en vigueur peut \u00eatre consult\u00e9e \u00e0 tout moment sur le site web susmentionn\u00e9. <\/p><\/div>\n\t\t\t<\/div>\n\t\t\t<\/div>\n\t\t\t\t\n\t\t\t\t\n\t\t\t\t\n\t\t\t\t\n\t\t\t<\/div>\n\t\t\t\t\n\t\t\t\t\n\t\t\t<\/div>\n","protected":false},"excerpt":{"rendered":"","protected":false},"author":1,"featured_media":0,"parent":0,"menu_order":0,"comment_status":"closed","ping_status":"closed","template":"","meta":{"_et_pb_use_builder":"on","_et_pb_old_content":"","_et_gb_content_width":"","footnotes":""},"class_list":["post-3272","page","type-page","status-publish","hentry"],"yoast_head":"<!-- This site is optimized with the Yoast SEO plugin v27.3 - https:\/\/yoast.com\/product\/yoast-seo-wordpress\/ -->\n<title>D\u00e9claration de protection des donn\u00e9es - Europ\u00e4ischer Tag der Restaurierung \/ Journ\u00e9e europ\u00e9enne de la conservation-restauration \/ Giornata Europea del Restauro<\/title>\n<meta name=\"robots\" content=\"index, follow, max-snippet:-1, max-image-preview:large, max-video-preview:-1\" \/>\n<link rel=\"canonical\" href=\"https:\/\/tag-der-restaurierung.ch\/fr\/declaration-de-protection-des-donnees\/\" \/>\n<meta property=\"og:locale\" content=\"fr_FR\" \/>\n<meta property=\"og:type\" content=\"article\" \/>\n<meta property=\"og:title\" content=\"D\u00e9claration de protection des donn\u00e9es - Europ\u00e4ischer Tag der Restaurierung \/ Journ\u00e9e europ\u00e9enne de la conservation-restauration \/ Giornata Europea del Restauro\" \/>\n<meta property=\"og:url\" content=\"https:\/\/tag-der-restaurierung.ch\/fr\/declaration-de-protection-des-donnees\/\" \/>\n<meta property=\"og:site_name\" content=\"Europ\u00e4ischer Tag der Restaurierung \/ Journ\u00e9e europ\u00e9enne de la conservation-restauration \/ Giornata Europea del Restauro\" \/>\n<meta property=\"article:publisher\" content=\"https:\/\/www.facebook.com\/tag.der.restaurierung.ch\" \/>\n<meta property=\"article:modified_time\" content=\"2025-10-06T06:59:47+00:00\" \/>\n<meta property=\"og:image\" content=\"https:\/\/tag-der-restaurierung.ch\/wp-content\/uploads\/2025\/02\/TDR_Logo_RGB_3SPRACHIG-1000px.png\" \/>\n\t<meta property=\"og:image:width\" content=\"1000\" \/>\n\t<meta property=\"og:image:height\" content=\"220\" \/>\n\t<meta property=\"og:image:type\" content=\"image\/png\" \/>\n<meta name=\"twitter:card\" content=\"summary_large_image\" \/>\n<meta name=\"twitter:label1\" content=\"Dur\u00e9e de lecture estim\u00e9e\" \/>\n\t<meta name=\"twitter:data1\" content=\"13 minutes\" \/>\n<script type=\"application\/ld+json\" class=\"yoast-schema-graph\">{\"@context\":\"https:\\\/\\\/schema.org\",\"@graph\":[{\"@type\":\"WebPage\",\"@id\":\"https:\\\/\\\/tag-der-restaurierung.ch\\\/fr\\\/declaration-de-protection-des-donnees\\\/\",\"url\":\"https:\\\/\\\/tag-der-restaurierung.ch\\\/fr\\\/declaration-de-protection-des-donnees\\\/\",\"name\":\"D\u00e9claration de protection des donn\u00e9es - Europ\u00e4ischer Tag der Restaurierung \\\/ Journ\u00e9e europ\u00e9enne de la conservation-restauration \\\/ Giornata Europea del Restauro\",\"isPartOf\":{\"@id\":\"https:\\\/\\\/tag-der-restaurierung.ch\\\/fr\\\/#website\"},\"datePublished\":\"2022-04-02T10:21:13+00:00\",\"dateModified\":\"2025-10-06T06:59:47+00:00\",\"breadcrumb\":{\"@id\":\"https:\\\/\\\/tag-der-restaurierung.ch\\\/fr\\\/declaration-de-protection-des-donnees\\\/#breadcrumb\"},\"inLanguage\":\"fr-FR\",\"potentialAction\":[{\"@type\":\"ReadAction\",\"target\":[\"https:\\\/\\\/tag-der-restaurierung.ch\\\/fr\\\/declaration-de-protection-des-donnees\\\/\"]}]},{\"@type\":\"BreadcrumbList\",\"@id\":\"https:\\\/\\\/tag-der-restaurierung.ch\\\/fr\\\/declaration-de-protection-des-donnees\\\/#breadcrumb\",\"itemListElement\":[{\"@type\":\"ListItem\",\"position\":1,\"name\":\"Startseite\",\"item\":\"https:\\\/\\\/tag-der-restaurierung.ch\\\/fr\\\/home\\\/\"},{\"@type\":\"ListItem\",\"position\":2,\"name\":\"D\u00e9claration de protection des donn\u00e9es\"}]},{\"@type\":\"WebSite\",\"@id\":\"https:\\\/\\\/tag-der-restaurierung.ch\\\/fr\\\/#website\",\"url\":\"https:\\\/\\\/tag-der-restaurierung.ch\\\/fr\\\/\",\"name\":\"Europ\u00e4ischer Tag der Restaurierung \\\/ Journ\u00e9e europ\u00e9enne de la conservation-restauration \\\/ Giornata Europea del Restauro\",\"description\":\"am 18. Oktober 2026 in der Schweiz\",\"publisher\":{\"@id\":\"https:\\\/\\\/tag-der-restaurierung.ch\\\/fr\\\/#organization\"},\"potentialAction\":[{\"@type\":\"SearchAction\",\"target\":{\"@type\":\"EntryPoint\",\"urlTemplate\":\"https:\\\/\\\/tag-der-restaurierung.ch\\\/fr\\\/?s={search_term_string}\"},\"query-input\":{\"@type\":\"PropertyValueSpecification\",\"valueRequired\":true,\"valueName\":\"search_term_string\"}}],\"inLanguage\":\"fr-FR\"},{\"@type\":\"Organization\",\"@id\":\"https:\\\/\\\/tag-der-restaurierung.ch\\\/fr\\\/#organization\",\"name\":\"Schweizer Verband f\u00fcr Konservierung und Restaurierung\",\"url\":\"https:\\\/\\\/tag-der-restaurierung.ch\\\/fr\\\/\",\"logo\":{\"@type\":\"ImageObject\",\"inLanguage\":\"fr-FR\",\"@id\":\"https:\\\/\\\/tag-der-restaurierung.ch\\\/fr\\\/#\\\/schema\\\/logo\\\/image\\\/\",\"url\":\"https:\\\/\\\/tag-der-restaurierung.ch\\\/wp-content\\\/uploads\\\/2022\\\/06\\\/SKR-Logo-footer.png\",\"contentUrl\":\"https:\\\/\\\/tag-der-restaurierung.ch\\\/wp-content\\\/uploads\\\/2022\\\/06\\\/SKR-Logo-footer.png\",\"width\":200,\"height\":78,\"caption\":\"Schweizer Verband f\u00fcr Konservierung und Restaurierung\"},\"image\":{\"@id\":\"https:\\\/\\\/tag-der-restaurierung.ch\\\/fr\\\/#\\\/schema\\\/logo\\\/image\\\/\"},\"sameAs\":[\"https:\\\/\\\/www.facebook.com\\\/tag.der.restaurierung.ch\"]}]}<\/script>\n<!-- \/ Yoast SEO plugin. -->","yoast_head_json":{"title":"D\u00e9claration de protection des donn\u00e9es - Europ\u00e4ischer Tag der Restaurierung \/ Journ\u00e9e europ\u00e9enne de la conservation-restauration \/ Giornata Europea del Restauro","robots":{"index":"index","follow":"follow","max-snippet":"max-snippet:-1","max-image-preview":"max-image-preview:large","max-video-preview":"max-video-preview:-1"},"canonical":"https:\/\/tag-der-restaurierung.ch\/fr\/declaration-de-protection-des-donnees\/","og_locale":"fr_FR","og_type":"article","og_title":"D\u00e9claration de protection des donn\u00e9es - Europ\u00e4ischer Tag der Restaurierung \/ Journ\u00e9e europ\u00e9enne de la conservation-restauration \/ Giornata Europea del Restauro","og_url":"https:\/\/tag-der-restaurierung.ch\/fr\/declaration-de-protection-des-donnees\/","og_site_name":"Europ\u00e4ischer Tag der Restaurierung \/ Journ\u00e9e europ\u00e9enne de la conservation-restauration \/ Giornata Europea del Restauro","article_publisher":"https:\/\/www.facebook.com\/tag.der.restaurierung.ch","article_modified_time":"2025-10-06T06:59:47+00:00","og_image":[{"width":1000,"height":220,"url":"https:\/\/tag-der-restaurierung.ch\/wp-content\/uploads\/2025\/02\/TDR_Logo_RGB_3SPRACHIG-1000px.png","type":"image\/png"}],"twitter_card":"summary_large_image","twitter_misc":{"Dur\u00e9e de lecture estim\u00e9e":"13 minutes"},"schema":{"@context":"https:\/\/schema.org","@graph":[{"@type":"WebPage","@id":"https:\/\/tag-der-restaurierung.ch\/fr\/declaration-de-protection-des-donnees\/","url":"https:\/\/tag-der-restaurierung.ch\/fr\/declaration-de-protection-des-donnees\/","name":"D\u00e9claration de protection des donn\u00e9es - Europ\u00e4ischer Tag der Restaurierung \/ Journ\u00e9e europ\u00e9enne de la conservation-restauration \/ Giornata Europea del Restauro","isPartOf":{"@id":"https:\/\/tag-der-restaurierung.ch\/fr\/#website"},"datePublished":"2022-04-02T10:21:13+00:00","dateModified":"2025-10-06T06:59:47+00:00","breadcrumb":{"@id":"https:\/\/tag-der-restaurierung.ch\/fr\/declaration-de-protection-des-donnees\/#breadcrumb"},"inLanguage":"fr-FR","potentialAction":[{"@type":"ReadAction","target":["https:\/\/tag-der-restaurierung.ch\/fr\/declaration-de-protection-des-donnees\/"]}]},{"@type":"BreadcrumbList","@id":"https:\/\/tag-der-restaurierung.ch\/fr\/declaration-de-protection-des-donnees\/#breadcrumb","itemListElement":[{"@type":"ListItem","position":1,"name":"Startseite","item":"https:\/\/tag-der-restaurierung.ch\/fr\/home\/"},{"@type":"ListItem","position":2,"name":"D\u00e9claration de protection des donn\u00e9es"}]},{"@type":"WebSite","@id":"https:\/\/tag-der-restaurierung.ch\/fr\/#website","url":"https:\/\/tag-der-restaurierung.ch\/fr\/","name":"Europ\u00e4ischer Tag der Restaurierung \/ Journ\u00e9e europ\u00e9enne de la conservation-restauration \/ Giornata Europea del Restauro","description":"am 18. Oktober 2026 in der Schweiz","publisher":{"@id":"https:\/\/tag-der-restaurierung.ch\/fr\/#organization"},"potentialAction":[{"@type":"SearchAction","target":{"@type":"EntryPoint","urlTemplate":"https:\/\/tag-der-restaurierung.ch\/fr\/?s={search_term_string}"},"query-input":{"@type":"PropertyValueSpecification","valueRequired":true,"valueName":"search_term_string"}}],"inLanguage":"fr-FR"},{"@type":"Organization","@id":"https:\/\/tag-der-restaurierung.ch\/fr\/#organization","name":"Schweizer Verband f\u00fcr Konservierung und Restaurierung","url":"https:\/\/tag-der-restaurierung.ch\/fr\/","logo":{"@type":"ImageObject","inLanguage":"fr-FR","@id":"https:\/\/tag-der-restaurierung.ch\/fr\/#\/schema\/logo\/image\/","url":"https:\/\/tag-der-restaurierung.ch\/wp-content\/uploads\/2022\/06\/SKR-Logo-footer.png","contentUrl":"https:\/\/tag-der-restaurierung.ch\/wp-content\/uploads\/2022\/06\/SKR-Logo-footer.png","width":200,"height":78,"caption":"Schweizer Verband f\u00fcr Konservierung und Restaurierung"},"image":{"@id":"https:\/\/tag-der-restaurierung.ch\/fr\/#\/schema\/logo\/image\/"},"sameAs":["https:\/\/www.facebook.com\/tag.der.restaurierung.ch"]}]}},"_links":{"self":[{"href":"https:\/\/tag-der-restaurierung.ch\/fr\/wp-json\/wp\/v2\/pages\/3272","targetHints":{"allow":["GET"]}}],"collection":[{"href":"https:\/\/tag-der-restaurierung.ch\/fr\/wp-json\/wp\/v2\/pages"}],"about":[{"href":"https:\/\/tag-der-restaurierung.ch\/fr\/wp-json\/wp\/v2\/types\/page"}],"author":[{"embeddable":true,"href":"https:\/\/tag-der-restaurierung.ch\/fr\/wp-json\/wp\/v2\/users\/1"}],"replies":[{"embeddable":true,"href":"https:\/\/tag-der-restaurierung.ch\/fr\/wp-json\/wp\/v2\/comments?post=3272"}],"version-history":[{"count":0,"href":"https:\/\/tag-der-restaurierung.ch\/fr\/wp-json\/wp\/v2\/pages\/3272\/revisions"}],"wp:attachment":[{"href":"https:\/\/tag-der-restaurierung.ch\/fr\/wp-json\/wp\/v2\/media?parent=3272"}],"curies":[{"name":"wp","href":"https:\/\/api.w.org\/{rel}","templated":true}]}}