{"id":1175,"date":"2022-06-23T15:40:53","date_gmt":"2022-06-23T13:40:53","guid":{"rendered":"https:\/\/tag-der-restaurierung.ch\/impressum\/"},"modified":"2025-10-06T08:19:21","modified_gmt":"2025-10-06T06:19:21","slug":"impressum","status":"publish","type":"page","link":"https:\/\/tag-der-restaurierung.ch\/fr\/impressum\/","title":{"rendered":"Impressum"},"content":{"rendered":"<div class=\"et_d4_element et_pb_section et_pb_section_0  et_pb_css_mix_blend_mode et_section_regular et_block_section\" >\n\t\t\t\t\n\t\t\t\t\n\t\t\t\t\n\t\t\t\t\n\t\t\t\t\n\t\t\t\t\n\t\t\t\t<div class=\"et_d4_element et_pb_row et_pb_row_0  et_pb_css_mix_blend_mode et_block_row\">\n\t\t\t\t<div class=\"et_d4_element et_pb_column_4_4 et_pb_column et_pb_column_0  et_pb_css_mix_blend_mode et-last-child et_block_column\">\n\t\t\t\t\n\t\t\t\t\n\t\t\t\t\n\t\t\t\t\n\t\t\t\t<div class=\"et_pb_module et_d4_element et_pb_text et_pb_text_0  et_pb_text_align_left et_pb_bg_layout_light\">\n\t\t\t\t\n\t\t\t\t\n\t\t\t\t\n\t\t\t\t\n\t\t\t\t<div class=\"et_pb_text_inner\"><h3><strong>Coordonn\u00e9es de contact :<\/strong><\/h3>\n<p>&nbsp;<\/p>\n<h3>R\u00e9daction et conception<\/h3>\n<p>Le site www.tag-der-restaurierung.ch est propos\u00e9 par :<\/p>\n<p><strong>Association suisse de conservation et restauration (SCR)<br \/><\/strong>Brunngasse 60<br \/>Case postale<br \/>3000 Berne 8<strong><br \/><\/strong><\/p>\n<p><a href=\"mailto:info@skr.ch\">info@skr.ch<\/a><\/p>\n<p><a href=\"https:\/\/www.restaurierung.swiss\/de\/\" target=\"_blank\" rel=\"noopener\">www.restaurierung.swiss<\/a><\/p>\n<p>&nbsp;<\/p>\n<p>Nous acceptons volontiers les demandes de correction, les questions et les suggestions concernant ce site. Veuillez les envoyer par e-mail \u00e0 info@tag-der-restaurierung.ch. <\/p>\n<p>&nbsp;<\/p>\n<p><strong>H\u00e9bergement web<\/strong><br \/>Ce site web a \u00e9t\u00e9 cr\u00e9\u00e9 avec <a rel=\"noreferrer noopener\" href=\"https:\/\/wordpress.org\/\" target=\"_blank\">WordPress<\/a>.<\/p>\n<p>H\u00e9bergement web : <a href=\"https:\/\/www.novatrend.ch\/de\/\" target=\"_blank\" rel=\"noopener\">Novatrend<\/a><\/p>\n<p>&nbsp;<\/p>\n<h3>Clause de responsabilit\u00e9<\/h3>\n<p>Les auteurs n'assument aucune responsabilit\u00e9 quant \u00e0 l'exactitude, la pr\u00e9cision, l'actualit\u00e9, la fiabilit\u00e9 et l'exhaustivit\u00e9 du contenu des informations. Les auteurs ne sauraient \u00eatre tenus pour responsables des dommages mat\u00e9riels ou immat\u00e9riels qui pourraient \u00eatre caus\u00e9s par l'acc\u00e8s aux informations diffus\u00e9es ou par leur utilisation ou non-utilisation, par le mauvais usage de la connexion ou par des probl\u00e8mes techniques. Toutes les offres sont sans engagement. Les auteurs se r\u00e9servent express\u00e9ment le droit de modifier, de compl\u00e9ter ou de supprimer des parties de pages ou l'ensemble de l'offre sans avis pr\u00e9alable, ou d'en suspendre temporairement ou d\u00e9finitivement la publication.   <\/p>\n<p>Les renvois et liens vers des sites internet de tiers ne rel\u00e8vent pas de notre responsabilit\u00e9. Nous d\u00e9clinons toute responsabilit\u00e9 pour de tels sites. L'acc\u00e8s \u00e0 ces sites et leur utilisation se font aux risques de l'utilisateur.  <\/p>\n<h3>Droits d'auteur<\/h3>\n<p>L'ensemble du contenu de ce site est prot\u00e9g\u00e9 par les droits d'auteur (tous droits r\u00e9serv\u00e9s). Les droits d'auteur et tous les autres droits li\u00e9s aux contenus, images, photos, graphiques, vid\u00e9os ou autres fichiers pr\u00e9sents sur le site sont la propri\u00e9t\u00e9 exclusive des auteurs ou des titulaires de droits sp\u00e9cialement cit\u00e9s. L'autorisation \u00e9crite des d\u00e9tenteurs des droits d'auteur doit \u00eatre obtenue au pr\u00e9alable pour la reproduction de tout \u00e9l\u00e9ment.  <\/p>\n<h3>Protection des donn\u00e9es<\/h3>\n<p>En vertu de l'article 13 de la Constitution f\u00e9d\u00e9rale suisse et des dispositions f\u00e9d\u00e9rales relatives \u00e0 la protection des donn\u00e9es (loi sur la protection des donn\u00e9es, LPD), toute personne a droit \u00e0 la protection de sa vie priv\u00e9e et \u00e0 la protection contre l'utilisation abusive de ses donn\u00e9es personnelles. Nous respectons ces dispositions. Les donn\u00e9es personnelles sont trait\u00e9es de mani\u00e8re strictement confidentielle et ne sont ni vendues ni transmises \u00e0 des tiers. En \u00e9troite collaboration avec nos fournisseurs d'h\u00e9bergement, nous nous effor\u00e7ons de prot\u00e9ger autant que possible les bases de donn\u00e9es contre les acc\u00e8s \u00e9trangers, les pertes, les abus ou les falsifications. Lorsque vous acc\u00e9dez \u00e0 nos pages internet, les donn\u00e9es suivantes sont enregistr\u00e9es dans des fichiers journaux : Adresse IP, date, heure, demande de navigateur et informations g\u00e9n\u00e9rales transmises sur le syst\u00e8me d'exploitation ou le navigateur. Ces donn\u00e9es d'utilisation constituent la base d'\u00e9valuations statistiques anonymes, de sorte que des tendances peuvent \u00eatre identifi\u00e9es, sur la base desquelles nous pouvons am\u00e9liorer nos offres en cons\u00e9quence.       <\/p>\n<p>&nbsp;<\/p>\n<p>Pour plus d'informations, veuillez consulter notre <a href=\"https:\/\/tag-der-restaurierung.ch\/fr\/declaration-de-protection-des-donnees\/#Data\">d\u00e9claration de confidentialit\u00e9<\/a>.<\/p><\/div>\n\t\t\t<\/div>\n\t\t\t<\/div>\n\t\t\t\t\n\t\t\t\t\n\t\t\t\t\n\t\t\t\t\n\t\t\t<\/div>\n\t\t\t\t\n\t\t\t\t\n\t\t\t<\/div>\n","protected":false},"excerpt":{"rendered":"","protected":false},"author":1,"featured_media":0,"parent":0,"menu_order":1,"comment_status":"closed","ping_status":"closed","template":"","meta":{"_et_pb_use_builder":"on","_et_pb_old_content":"","_et_gb_content_width":"","footnotes":""},"class_list":["post-1175","page","type-page","status-publish","hentry"],"yoast_head":"<!-- This site is optimized with the Yoast SEO plugin v27.3 - https:\/\/yoast.com\/product\/yoast-seo-wordpress\/ -->\n<title>Impressum - Europ\u00e4ischer Tag der Restaurierung \/ Journ\u00e9e europ\u00e9enne de la conservation-restauration \/ Giornata Europea del Restauro<\/title>\n<meta name=\"robots\" content=\"index, follow, max-snippet:-1, max-image-preview:large, max-video-preview:-1\" \/>\n<link rel=\"canonical\" href=\"https:\/\/tag-der-restaurierung.ch\/fr\/impressum\/\" \/>\n<meta property=\"og:locale\" content=\"fr_FR\" \/>\n<meta property=\"og:type\" content=\"article\" \/>\n<meta property=\"og:title\" content=\"Impressum - Europ\u00e4ischer Tag der Restaurierung \/ Journ\u00e9e europ\u00e9enne de la conservation-restauration \/ Giornata Europea del Restauro\" \/>\n<meta property=\"og:url\" content=\"https:\/\/tag-der-restaurierung.ch\/fr\/impressum\/\" \/>\n<meta property=\"og:site_name\" content=\"Europ\u00e4ischer Tag der Restaurierung \/ Journ\u00e9e europ\u00e9enne de la conservation-restauration \/ Giornata Europea del Restauro\" \/>\n<meta property=\"article:publisher\" content=\"https:\/\/www.facebook.com\/tag.der.restaurierung.ch\" \/>\n<meta property=\"article:modified_time\" content=\"2025-10-06T06:19:21+00:00\" \/>\n<meta property=\"og:image\" content=\"https:\/\/tag-der-restaurierung.ch\/wp-content\/uploads\/2025\/02\/TDR_Logo_RGB_3SPRACHIG-1000px.png\" \/>\n\t<meta property=\"og:image:width\" content=\"1000\" \/>\n\t<meta property=\"og:image:height\" content=\"220\" \/>\n\t<meta property=\"og:image:type\" content=\"image\/png\" \/>\n<meta name=\"twitter:card\" content=\"summary_large_image\" \/>\n<meta name=\"twitter:label1\" content=\"Dur\u00e9e de lecture estim\u00e9e\" \/>\n\t<meta name=\"twitter:data1\" content=\"3 minutes\" \/>\n<script type=\"application\/ld+json\" class=\"yoast-schema-graph\">{\"@context\":\"https:\\\/\\\/schema.org\",\"@graph\":[{\"@type\":\"WebPage\",\"@id\":\"https:\\\/\\\/tag-der-restaurierung.ch\\\/fr\\\/impressum\\\/\",\"url\":\"https:\\\/\\\/tag-der-restaurierung.ch\\\/fr\\\/impressum\\\/\",\"name\":\"Impressum - Europ\u00e4ischer Tag der Restaurierung \\\/ Journ\u00e9e europ\u00e9enne de la conservation-restauration \\\/ Giornata Europea del Restauro\",\"isPartOf\":{\"@id\":\"https:\\\/\\\/tag-der-restaurierung.ch\\\/fr\\\/#website\"},\"datePublished\":\"2022-06-23T13:40:53+00:00\",\"dateModified\":\"2025-10-06T06:19:21+00:00\",\"breadcrumb\":{\"@id\":\"https:\\\/\\\/tag-der-restaurierung.ch\\\/fr\\\/impressum\\\/#breadcrumb\"},\"inLanguage\":\"fr-FR\",\"potentialAction\":[{\"@type\":\"ReadAction\",\"target\":[\"https:\\\/\\\/tag-der-restaurierung.ch\\\/fr\\\/impressum\\\/\"]}]},{\"@type\":\"BreadcrumbList\",\"@id\":\"https:\\\/\\\/tag-der-restaurierung.ch\\\/fr\\\/impressum\\\/#breadcrumb\",\"itemListElement\":[{\"@type\":\"ListItem\",\"position\":1,\"name\":\"Startseite\",\"item\":\"https:\\\/\\\/tag-der-restaurierung.ch\\\/fr\\\/home\\\/\"},{\"@type\":\"ListItem\",\"position\":2,\"name\":\"Impressum\"}]},{\"@type\":\"WebSite\",\"@id\":\"https:\\\/\\\/tag-der-restaurierung.ch\\\/fr\\\/#website\",\"url\":\"https:\\\/\\\/tag-der-restaurierung.ch\\\/fr\\\/\",\"name\":\"Europ\u00e4ischer Tag der Restaurierung \\\/ Journ\u00e9e europ\u00e9enne de la conservation-restauration \\\/ Giornata Europea del Restauro\",\"description\":\"am 18. Oktober 2026 in der Schweiz\",\"publisher\":{\"@id\":\"https:\\\/\\\/tag-der-restaurierung.ch\\\/fr\\\/#organization\"},\"potentialAction\":[{\"@type\":\"SearchAction\",\"target\":{\"@type\":\"EntryPoint\",\"urlTemplate\":\"https:\\\/\\\/tag-der-restaurierung.ch\\\/fr\\\/?s={search_term_string}\"},\"query-input\":{\"@type\":\"PropertyValueSpecification\",\"valueRequired\":true,\"valueName\":\"search_term_string\"}}],\"inLanguage\":\"fr-FR\"},{\"@type\":\"Organization\",\"@id\":\"https:\\\/\\\/tag-der-restaurierung.ch\\\/fr\\\/#organization\",\"name\":\"Schweizer Verband f\u00fcr Konservierung und Restaurierung\",\"url\":\"https:\\\/\\\/tag-der-restaurierung.ch\\\/fr\\\/\",\"logo\":{\"@type\":\"ImageObject\",\"inLanguage\":\"fr-FR\",\"@id\":\"https:\\\/\\\/tag-der-restaurierung.ch\\\/fr\\\/#\\\/schema\\\/logo\\\/image\\\/\",\"url\":\"https:\\\/\\\/tag-der-restaurierung.ch\\\/wp-content\\\/uploads\\\/2022\\\/06\\\/SKR-Logo-footer.png\",\"contentUrl\":\"https:\\\/\\\/tag-der-restaurierung.ch\\\/wp-content\\\/uploads\\\/2022\\\/06\\\/SKR-Logo-footer.png\",\"width\":200,\"height\":78,\"caption\":\"Schweizer Verband f\u00fcr Konservierung und Restaurierung\"},\"image\":{\"@id\":\"https:\\\/\\\/tag-der-restaurierung.ch\\\/fr\\\/#\\\/schema\\\/logo\\\/image\\\/\"},\"sameAs\":[\"https:\\\/\\\/www.facebook.com\\\/tag.der.restaurierung.ch\"]}]}<\/script>\n<!-- \/ Yoast SEO plugin. -->","yoast_head_json":{"title":"Impressum - Europ\u00e4ischer Tag der Restaurierung \/ Journ\u00e9e europ\u00e9enne de la conservation-restauration \/ Giornata Europea del Restauro","robots":{"index":"index","follow":"follow","max-snippet":"max-snippet:-1","max-image-preview":"max-image-preview:large","max-video-preview":"max-video-preview:-1"},"canonical":"https:\/\/tag-der-restaurierung.ch\/fr\/impressum\/","og_locale":"fr_FR","og_type":"article","og_title":"Impressum - Europ\u00e4ischer Tag der Restaurierung \/ Journ\u00e9e europ\u00e9enne de la conservation-restauration \/ Giornata Europea del Restauro","og_url":"https:\/\/tag-der-restaurierung.ch\/fr\/impressum\/","og_site_name":"Europ\u00e4ischer Tag der Restaurierung \/ Journ\u00e9e europ\u00e9enne de la conservation-restauration \/ Giornata Europea del Restauro","article_publisher":"https:\/\/www.facebook.com\/tag.der.restaurierung.ch","article_modified_time":"2025-10-06T06:19:21+00:00","og_image":[{"width":1000,"height":220,"url":"https:\/\/tag-der-restaurierung.ch\/wp-content\/uploads\/2025\/02\/TDR_Logo_RGB_3SPRACHIG-1000px.png","type":"image\/png"}],"twitter_card":"summary_large_image","twitter_misc":{"Dur\u00e9e de lecture estim\u00e9e":"3 minutes"},"schema":{"@context":"https:\/\/schema.org","@graph":[{"@type":"WebPage","@id":"https:\/\/tag-der-restaurierung.ch\/fr\/impressum\/","url":"https:\/\/tag-der-restaurierung.ch\/fr\/impressum\/","name":"Impressum - Europ\u00e4ischer Tag der Restaurierung \/ Journ\u00e9e europ\u00e9enne de la conservation-restauration \/ Giornata Europea del Restauro","isPartOf":{"@id":"https:\/\/tag-der-restaurierung.ch\/fr\/#website"},"datePublished":"2022-06-23T13:40:53+00:00","dateModified":"2025-10-06T06:19:21+00:00","breadcrumb":{"@id":"https:\/\/tag-der-restaurierung.ch\/fr\/impressum\/#breadcrumb"},"inLanguage":"fr-FR","potentialAction":[{"@type":"ReadAction","target":["https:\/\/tag-der-restaurierung.ch\/fr\/impressum\/"]}]},{"@type":"BreadcrumbList","@id":"https:\/\/tag-der-restaurierung.ch\/fr\/impressum\/#breadcrumb","itemListElement":[{"@type":"ListItem","position":1,"name":"Startseite","item":"https:\/\/tag-der-restaurierung.ch\/fr\/home\/"},{"@type":"ListItem","position":2,"name":"Impressum"}]},{"@type":"WebSite","@id":"https:\/\/tag-der-restaurierung.ch\/fr\/#website","url":"https:\/\/tag-der-restaurierung.ch\/fr\/","name":"Europ\u00e4ischer Tag der Restaurierung \/ Journ\u00e9e europ\u00e9enne de la conservation-restauration \/ Giornata Europea del Restauro","description":"am 18. Oktober 2026 in der Schweiz","publisher":{"@id":"https:\/\/tag-der-restaurierung.ch\/fr\/#organization"},"potentialAction":[{"@type":"SearchAction","target":{"@type":"EntryPoint","urlTemplate":"https:\/\/tag-der-restaurierung.ch\/fr\/?s={search_term_string}"},"query-input":{"@type":"PropertyValueSpecification","valueRequired":true,"valueName":"search_term_string"}}],"inLanguage":"fr-FR"},{"@type":"Organization","@id":"https:\/\/tag-der-restaurierung.ch\/fr\/#organization","name":"Schweizer Verband f\u00fcr Konservierung und Restaurierung","url":"https:\/\/tag-der-restaurierung.ch\/fr\/","logo":{"@type":"ImageObject","inLanguage":"fr-FR","@id":"https:\/\/tag-der-restaurierung.ch\/fr\/#\/schema\/logo\/image\/","url":"https:\/\/tag-der-restaurierung.ch\/wp-content\/uploads\/2022\/06\/SKR-Logo-footer.png","contentUrl":"https:\/\/tag-der-restaurierung.ch\/wp-content\/uploads\/2022\/06\/SKR-Logo-footer.png","width":200,"height":78,"caption":"Schweizer Verband f\u00fcr Konservierung und Restaurierung"},"image":{"@id":"https:\/\/tag-der-restaurierung.ch\/fr\/#\/schema\/logo\/image\/"},"sameAs":["https:\/\/www.facebook.com\/tag.der.restaurierung.ch"]}]}},"_links":{"self":[{"href":"https:\/\/tag-der-restaurierung.ch\/fr\/wp-json\/wp\/v2\/pages\/1175","targetHints":{"allow":["GET"]}}],"collection":[{"href":"https:\/\/tag-der-restaurierung.ch\/fr\/wp-json\/wp\/v2\/pages"}],"about":[{"href":"https:\/\/tag-der-restaurierung.ch\/fr\/wp-json\/wp\/v2\/types\/page"}],"author":[{"embeddable":true,"href":"https:\/\/tag-der-restaurierung.ch\/fr\/wp-json\/wp\/v2\/users\/1"}],"replies":[{"embeddable":true,"href":"https:\/\/tag-der-restaurierung.ch\/fr\/wp-json\/wp\/v2\/comments?post=1175"}],"version-history":[{"count":0,"href":"https:\/\/tag-der-restaurierung.ch\/fr\/wp-json\/wp\/v2\/pages\/1175\/revisions"}],"wp:attachment":[{"href":"https:\/\/tag-der-restaurierung.ch\/fr\/wp-json\/wp\/v2\/media?parent=1175"}],"curies":[{"name":"wp","href":"https:\/\/api.w.org\/{rel}","templated":true}]}}